{"id":1006,"date":"2018-10-11T04:12:23","date_gmt":"2018-10-11T04:12:23","guid":{"rendered":"https:\/\/presentup.themetechmount.com\/?page_id=1006"},"modified":"2024-10-24T18:19:41","modified_gmt":"2024-10-24T16:19:41","slug":"ausstellerliste","status":"publish","type":"page","link":"https:\/\/www.veranstalterei.com\/hochzeitsmesse-langenselbold\/ausstellerliste\/","title":{"rendered":"Ausstellerliste &#038; Hallenplan (2024)"},"content":{"rendered":"<div class=\"wpb-content-wrapper\"><p>[vc_row][vc_column][vc_column_text]<!--\n\n\n<p style=\"text-align: center;\"><strong>Hier seht ihr schonmal die ersten paar Aussteller die am Messetag dabei sind und sich auf nette Gespr\u00e4che mit euch freuen.\n<\/strong>(Schaut am besten nochmal vorbei, denn es werden jede Woche mehr)<\/p>\n\n\n-->[\/vc_column_text][vc_single_image image=&#8221;6049&#8243; img_size=&#8221;full&#8221; alignment=&#8221;center&#8221; style=&#8221;vc_box_shadow_border&#8221; onclick=&#8221;zoom&#8221; css=&#8221;.vc_custom_1727469509572{padding-bottom: 40px !important;}&#8221;]\t\n\t\t<div id=\"gs_logo_area_1\" class=\"gs_logo_area gs_logo_area_1 filter3\" style=\"opacity: 0; visibility: hidden;\">\n\t\t\t<div class=\"gs_logo_area--inner\">\n\t\n\t\t\t\t\n<div class=\"gs_logo_container_filter gsl-filter3\">\n\n\t<!-- Category Filters -->\n\t\n<ul class=\"gs-logo-filter-cats\">\n    \n    <li class=\"filter active\" data-filter=\"all\">Alle Aussteller<\/li>\n\n            <li class=\"filter\" data-filter=\".rabatt-aktion\">!! Rabatt-Aktion auf Messe !!<\/li>\n            <li class=\"filter\" data-filter=\".ballons\">Ballons<\/li>\n            <li class=\"filter\" data-filter=\".barista\">Barista<\/li>\n            <li class=\"filter\" data-filter=\".brautmode-accessoires\">Brautmode &amp; Accessoires<\/li>\n            <li class=\"filter\" data-filter=\".caterer\">Caterer<\/li>\n            <li class=\"filter\" data-filter=\".cocktails\">Cocktails<\/li>\n            <li class=\"filter\" data-filter=\".dekoration-verleih\">Dekoration \/ Verleih<\/li>\n            <li class=\"filter\" data-filter=\".djs\">DJ`s<\/li>\n            <li class=\"filter\" data-filter=\".eventmoebel\">Eventm\u00f6bel<\/li>\n            <li class=\"filter\" data-filter=\".fahrzeuge\">Fahrzeuge<\/li>\n            <li class=\"filter\" data-filter=\".fest-abendmode\">Fest &amp; Abendmode<\/li>\n            <li class=\"filter\" data-filter=\".finanzen\">Finanzen<\/li>\n            <li class=\"filter\" data-filter=\".floristik\">Floristik<\/li>\n            <li class=\"filter\" data-filter=\".fotografie\">Fotografie<\/li>\n            <li class=\"filter\" data-filter=\".frisuren\">Frisuren<\/li>\n            <li class=\"filter\" data-filter=\".gastgeschenke\">Gastgeschenke<\/li>\n            <li class=\"filter\" data-filter=\".herrenausstatter\">Herrenausstatter<\/li>\n            <li class=\"filter\" data-filter=\".hochzeit-eventplaner\">Hochzeit- &amp; Eventplaner<\/li>\n            <li class=\"filter\" data-filter=\".hochzeitsredner-in\">Hochzeitsredner\/in<\/li>\n            <li class=\"filter\" data-filter=\".juweliere\">Juweliere<\/li>\n            <li class=\"filter\" data-filter=\".kosmetik\">Kosmetik<\/li>\n            <li class=\"filter\" data-filter=\".licht-und-ton-eventtechnik\">Licht und Ton \/ Eventtechnik<\/li>\n            <li class=\"filter\" data-filter=\".locations\">Locations<\/li>\n            <li class=\"filter\" data-filter=\".saenger-in\">S\u00e4nger\/in<\/li>\n            <li class=\"filter\" data-filter=\".sonstiges\">Sonstiges<\/li>\n            <li class=\"filter\" data-filter=\".styling\">Styling<\/li>\n            <li class=\"filter\" data-filter=\".tanzschule\">Tanzschule<\/li>\n            <li class=\"filter\" data-filter=\".torten\">Torten<\/li>\n            <li class=\"filter\" data-filter=\".veranstaltungsservice\">Veranstaltungsservice<\/li>\n            <li class=\"filter\" data-filter=\".verkaufsanhaenger\">Verkaufsanh\u00e4nger<\/li>\n            <li class=\"filter\" data-filter=\".zeltverleih\">Zeltverleih<\/li>\n    \n<\/ul>\n\t<div class=\"gs_logo_container gs-logos-filter-wrapper gs_logo_fix_height_and_center\">\n\n\t\t\n\t\t\t\n\t\t\t\t<div class=\"gs_logo_single--wrapper gs-filter-single-item caterer locations\">\n\t\t\t\t\t<div class=\"gs_logo_single\">\n\t\t\t\t\t\t\n\t\t\t\t\t\t<!-- Logo Image -->\n\t\t\t\t\t\t<a href=\"http:\/\/www.villa-messmer.de\" target=\"_blank\" rel=\"noopener\"><img decoding=\"async\" width=\"184\" height=\"184\" src=\"https:\/\/www.veranstalterei.com\/hochzeitsmesse-langenselbold\/wp-content\/uploads\/sites\/4\/2024\/09\/Logo_VillaMessmer.jpg\" class=\"default  gs-logo--img wp-post-image\" alt=\"\" title=\"Villa Me\u00dfmer\" srcset=\"https:\/\/www.veranstalterei.com\/hochzeitsmesse-langenselbold\/wp-content\/uploads\/sites\/4\/2024\/09\/Logo_VillaMessmer.jpg 184w, https:\/\/www.veranstalterei.com\/hochzeitsmesse-langenselbold\/wp-content\/uploads\/sites\/4\/2024\/09\/Logo_VillaMessmer-150x150.jpg 150w\" sizes=\"(max-width: 184px) 100vw, 184px\" data-id=\"5990\" \/> <img fetchpriority=\"high\" decoding=\"async\" width=\"300\" height=\"200\" src=\"https:\/\/www.veranstalterei.com\/hochzeitsmesse-langenselbold\/wp-content\/uploads\/sites\/4\/2024\/09\/WED_DariaAdam-153-Gross-300x200.jpg\" class=\"gs-flip-img\" alt=\"\" srcset=\"https:\/\/www.veranstalterei.com\/hochzeitsmesse-langenselbold\/wp-content\/uploads\/sites\/4\/2024\/09\/WED_DariaAdam-153-Gross-300x200.jpg 300w, https:\/\/www.veranstalterei.com\/hochzeitsmesse-langenselbold\/wp-content\/uploads\/sites\/4\/2024\/09\/WED_DariaAdam-153-Gross-1024x681.jpg 1024w, https:\/\/www.veranstalterei.com\/hochzeitsmesse-langenselbold\/wp-content\/uploads\/sites\/4\/2024\/09\/WED_DariaAdam-153-Gross-768x511.jpg 768w, https:\/\/www.veranstalterei.com\/hochzeitsmesse-langenselbold\/wp-content\/uploads\/sites\/4\/2024\/09\/WED_DariaAdam-153-Gross-1536x1022.jpg 1536w, https:\/\/www.veranstalterei.com\/hochzeitsmesse-langenselbold\/wp-content\/uploads\/sites\/4\/2024\/09\/WED_DariaAdam-153-Gross-1200x800.jpg 1200w, https:\/\/www.veranstalterei.com\/hochzeitsmesse-langenselbold\/wp-content\/uploads\/sites\/4\/2024\/09\/WED_DariaAdam-153-Gross.jpg 1623w\" sizes=\"(max-width: 300px) 100vw, 300px\" data-id=\"5991\" \/><\/a>\n\t\t\t\t\t\t<!-- Logo Title -->\n\t\t\t\t\t\t<h3 class=\"gs_logo_title\">Villa Me\u00dfmer<\/h3>\t\t\t\t\t\t\n\t\t\t\t\t\t<!-- Logo Category -->\n\t\t\t\t\t\t\n\t\t\t\t\t<\/div>\n\t\t\t\t<\/div>\n\n\t\t\t\n\t\t\t\t<div class=\"gs_logo_single--wrapper gs-filter-single-item saenger-in\">\n\t\t\t\t\t<div class=\"gs_logo_single\">\n\t\t\t\t\t\t\n\t\t\t\t\t\t<!-- Logo Image -->\n\t\t\t\t\t\t<a href=\"http:\/\/www.lida-music.de\" target=\"_blank\" rel=\"noopener\"><img decoding=\"async\" width=\"300\" height=\"300\" src=\"https:\/\/www.veranstalterei.com\/hochzeitsmesse-langenselbold\/wp-content\/uploads\/sites\/4\/2024\/08\/Logo_LiDa2-300x300.png\" class=\"default  gs-logo--img wp-post-image\" alt=\"\" title=\"LiDa Music\" srcset=\"https:\/\/www.veranstalterei.com\/hochzeitsmesse-langenselbold\/wp-content\/uploads\/sites\/4\/2024\/08\/Logo_LiDa2-300x300.png 300w, https:\/\/www.veranstalterei.com\/hochzeitsmesse-langenselbold\/wp-content\/uploads\/sites\/4\/2024\/08\/Logo_LiDa2-150x150.png 150w, https:\/\/www.veranstalterei.com\/hochzeitsmesse-langenselbold\/wp-content\/uploads\/sites\/4\/2024\/08\/Logo_LiDa2.png 500w\" sizes=\"(max-width: 300px) 100vw, 300px\" data-id=\"5894\" \/> <img loading=\"lazy\" decoding=\"async\" width=\"200\" height=\"300\" src=\"https:\/\/www.veranstalterei.com\/hochzeitsmesse-langenselbold\/wp-content\/uploads\/sites\/4\/2024\/08\/Sektempfang-Scheune-200x300.jpeg\" class=\"gs-flip-img\" alt=\"\" srcset=\"https:\/\/www.veranstalterei.com\/hochzeitsmesse-langenselbold\/wp-content\/uploads\/sites\/4\/2024\/08\/Sektempfang-Scheune-200x300.jpeg 200w, https:\/\/www.veranstalterei.com\/hochzeitsmesse-langenselbold\/wp-content\/uploads\/sites\/4\/2024\/08\/Sektempfang-Scheune.jpeg 427w\" sizes=\"(max-width: 200px) 100vw, 200px\" data-id=\"5895\" \/><\/a>\n\t\t\t\t\t\t<!-- Logo Title -->\n\t\t\t\t\t\t<h3 class=\"gs_logo_title\">LiDa Music<\/h3>\t\t\t\t\t\t\n\t\t\t\t\t\t<!-- Logo Category -->\n\t\t\t\t\t\t\n\t\t\t\t\t<\/div>\n\t\t\t\t<\/div>\n\n\t\t\t\n\t\t\t\t<div class=\"gs_logo_single--wrapper gs-filter-single-item tanzschule\">\n\t\t\t\t\t<div class=\"gs_logo_single\">\n\t\t\t\t\t\t\n\t\t\t\t\t\t<!-- Logo Image -->\n\t\t\t\t\t\t<a href=\"http:\/\/www.tanzschule-lutz.de\" target=\"_blank\" rel=\"noopener\"><img loading=\"lazy\" decoding=\"async\" width=\"300\" height=\"300\" src=\"https:\/\/www.veranstalterei.com\/hochzeitsmesse-langenselbold\/wp-content\/uploads\/sites\/4\/2022\/07\/TanzschuleLutz_Logo-300x300.jpg\" class=\"default  gs-logo--img wp-post-image\" alt=\"\" title=\"Tanzschule Lutz\" srcset=\"https:\/\/www.veranstalterei.com\/hochzeitsmesse-langenselbold\/wp-content\/uploads\/sites\/4\/2022\/07\/TanzschuleLutz_Logo-300x300.jpg 300w, https:\/\/www.veranstalterei.com\/hochzeitsmesse-langenselbold\/wp-content\/uploads\/sites\/4\/2022\/07\/TanzschuleLutz_Logo-150x150.jpg 150w, https:\/\/www.veranstalterei.com\/hochzeitsmesse-langenselbold\/wp-content\/uploads\/sites\/4\/2022\/07\/TanzschuleLutz_Logo-768x768.jpg 768w, https:\/\/www.veranstalterei.com\/hochzeitsmesse-langenselbold\/wp-content\/uploads\/sites\/4\/2022\/07\/TanzschuleLutz_Logo-720x720.jpg 720w, https:\/\/www.veranstalterei.com\/hochzeitsmesse-langenselbold\/wp-content\/uploads\/sites\/4\/2022\/07\/TanzschuleLutz_Logo.jpg 1000w\" sizes=\"(max-width: 300px) 100vw, 300px\" data-id=\"5334\" \/> <img loading=\"lazy\" decoding=\"async\" width=\"300\" height=\"283\" src=\"https:\/\/www.veranstalterei.com\/hochzeitsmesse-langenselbold\/wp-content\/uploads\/sites\/4\/2022\/08\/Jane-Bild-2-300x283.jpg\" class=\"gs-flip-img\" alt=\"\" srcset=\"https:\/\/www.veranstalterei.com\/hochzeitsmesse-langenselbold\/wp-content\/uploads\/sites\/4\/2022\/08\/Jane-Bild-2-300x283.jpg 300w, https:\/\/www.veranstalterei.com\/hochzeitsmesse-langenselbold\/wp-content\/uploads\/sites\/4\/2022\/08\/Jane-Bild-2-1024x966.jpg 1024w, https:\/\/www.veranstalterei.com\/hochzeitsmesse-langenselbold\/wp-content\/uploads\/sites\/4\/2022\/08\/Jane-Bild-2-768x725.jpg 768w, https:\/\/www.veranstalterei.com\/hochzeitsmesse-langenselbold\/wp-content\/uploads\/sites\/4\/2022\/08\/Jane-Bild-2-1536x1449.jpg 1536w, https:\/\/www.veranstalterei.com\/hochzeitsmesse-langenselbold\/wp-content\/uploads\/sites\/4\/2022\/08\/Jane-Bild-2-2048x1932.jpg 2048w\" sizes=\"(max-width: 300px) 100vw, 300px\" data-id=\"5448\" \/><\/a>\n\t\t\t\t\t\t<!-- Logo Title -->\n\t\t\t\t\t\t<h3 class=\"gs_logo_title\">Tanzschule Lutz<\/h3>\t\t\t\t\t\t\n\t\t\t\t\t\t<!-- Logo Category -->\n\t\t\t\t\t\t\n\t\t\t\t\t<\/div>\n\t\t\t\t<\/div>\n\n\t\t\t\n\t\t\t\t<div class=\"gs_logo_single--wrapper gs-filter-single-item rabatt-aktion brautmode-accessoires fest-abendmode herrenausstatter\">\n\t\t\t\t\t<div class=\"gs_logo_single\">\n\t\t\t\t\t\t\n\t\t\t\t\t\t<!-- Logo Image -->\n\t\t\t\t\t\t<a href=\"http:\/\/www.spitzenliebe.de\" target=\"_blank\" rel=\"noopener\"><img loading=\"lazy\" decoding=\"async\" width=\"300\" height=\"300\" src=\"https:\/\/www.veranstalterei.com\/hochzeitsmesse-langenselbold\/wp-content\/uploads\/sites\/4\/2022\/07\/SpitzenLiebe_Logo-300x300.png\" class=\"default  gs-logo--img wp-post-image\" alt=\"\" title=\"SpitzenLiebe\" srcset=\"https:\/\/www.veranstalterei.com\/hochzeitsmesse-langenselbold\/wp-content\/uploads\/sites\/4\/2022\/07\/SpitzenLiebe_Logo-300x300.png 300w, https:\/\/www.veranstalterei.com\/hochzeitsmesse-langenselbold\/wp-content\/uploads\/sites\/4\/2022\/07\/SpitzenLiebe_Logo-150x150.png 150w, https:\/\/www.veranstalterei.com\/hochzeitsmesse-langenselbold\/wp-content\/uploads\/sites\/4\/2022\/07\/SpitzenLiebe_Logo-768x768.png 768w, https:\/\/www.veranstalterei.com\/hochzeitsmesse-langenselbold\/wp-content\/uploads\/sites\/4\/2022\/07\/SpitzenLiebe_Logo-720x720.png 720w, https:\/\/www.veranstalterei.com\/hochzeitsmesse-langenselbold\/wp-content\/uploads\/sites\/4\/2022\/07\/SpitzenLiebe_Logo.png 1000w\" sizes=\"(max-width: 300px) 100vw, 300px\" data-id=\"5330\" \/> <\/a>\n\t\t\t\t\t\t<!-- Logo Title -->\n\t\t\t\t\t\t<h3 class=\"gs_logo_title\">SpitzenLiebe<\/h3>\t\t\t\t\t\t\n\t\t\t\t\t\t<!-- Logo Category -->\n\t\t\t\t\t\t\n\t\t\t\t\t<\/div>\n\t\t\t\t<\/div>\n\n\t\t\t\n\t\t\t\t<div class=\"gs_logo_single--wrapper gs-filter-single-item rabatt-aktion frisuren styling\">\n\t\t\t\t\t<div class=\"gs_logo_single\">\n\t\t\t\t\t\t\n\t\t\t\t\t\t<!-- Logo Image -->\n\t\t\t\t\t\t<a href=\"https:\/\/www.instagram.com\/cut_n_drive\" target=\"_blank\" rel=\"noopener\"><img loading=\"lazy\" decoding=\"async\" width=\"300\" height=\"300\" src=\"https:\/\/www.veranstalterei.com\/hochzeitsmesse-langenselbold\/wp-content\/uploads\/sites\/4\/2024\/09\/Logo_Cutndrive-300x300.png\" class=\"default  gs-logo--img wp-post-image\" alt=\"\" title=\"Cut`n Drive &#8211; Mobiles Haarstudio\" srcset=\"https:\/\/www.veranstalterei.com\/hochzeitsmesse-langenselbold\/wp-content\/uploads\/sites\/4\/2024\/09\/Logo_Cutndrive-300x300.png 300w, https:\/\/www.veranstalterei.com\/hochzeitsmesse-langenselbold\/wp-content\/uploads\/sites\/4\/2024\/09\/Logo_Cutndrive-150x150.png 150w, https:\/\/www.veranstalterei.com\/hochzeitsmesse-langenselbold\/wp-content\/uploads\/sites\/4\/2024\/09\/Logo_Cutndrive-768x768.png 768w, https:\/\/www.veranstalterei.com\/hochzeitsmesse-langenselbold\/wp-content\/uploads\/sites\/4\/2024\/09\/Logo_Cutndrive-720x720.png 720w, https:\/\/www.veranstalterei.com\/hochzeitsmesse-langenselbold\/wp-content\/uploads\/sites\/4\/2024\/09\/Logo_Cutndrive.png 1000w\" sizes=\"(max-width: 300px) 100vw, 300px\" data-id=\"5988\" \/> <\/a>\n\t\t\t\t\t\t<!-- Logo Title -->\n\t\t\t\t\t\t<h3 class=\"gs_logo_title\">Cut`n Drive &#8211; Mobiles Haarstudio<\/h3>\t\t\t\t\t\t\n\t\t\t\t\t\t<!-- Logo Category -->\n\t\t\t\t\t\t\n\t\t\t\t\t<\/div>\n\t\t\t\t<\/div>\n\n\t\t\t\n\t\t\t\t<div class=\"gs_logo_single--wrapper gs-filter-single-item styling\">\n\t\t\t\t\t<div class=\"gs_logo_single\">\n\t\t\t\t\t\t\n\t\t\t\t\t\t<!-- Logo Image -->\n\t\t\t\t\t\t<a href=\"https:\/\/www.instagram.com\/cesca.cosmetics\/\" target=\"_blank\" rel=\"noopener\"><img loading=\"lazy\" decoding=\"async\" width=\"300\" height=\"300\" src=\"https:\/\/www.veranstalterei.com\/hochzeitsmesse-langenselbold\/wp-content\/uploads\/sites\/4\/2024\/08\/Logo_Cesca-Cosmetics-300x300.jpeg\" class=\"default  gs-logo--img wp-post-image\" alt=\"\" title=\"CESCA COSMETICS &#038; ACADEMY\" srcset=\"https:\/\/www.veranstalterei.com\/hochzeitsmesse-langenselbold\/wp-content\/uploads\/sites\/4\/2024\/08\/Logo_Cesca-Cosmetics-300x300.jpeg 300w, https:\/\/www.veranstalterei.com\/hochzeitsmesse-langenselbold\/wp-content\/uploads\/sites\/4\/2024\/08\/Logo_Cesca-Cosmetics-1024x1024.jpeg 1024w, https:\/\/www.veranstalterei.com\/hochzeitsmesse-langenselbold\/wp-content\/uploads\/sites\/4\/2024\/08\/Logo_Cesca-Cosmetics-150x150.jpeg 150w, https:\/\/www.veranstalterei.com\/hochzeitsmesse-langenselbold\/wp-content\/uploads\/sites\/4\/2024\/08\/Logo_Cesca-Cosmetics-768x768.jpeg 768w, https:\/\/www.veranstalterei.com\/hochzeitsmesse-langenselbold\/wp-content\/uploads\/sites\/4\/2024\/08\/Logo_Cesca-Cosmetics-720x720.jpeg 720w, https:\/\/www.veranstalterei.com\/hochzeitsmesse-langenselbold\/wp-content\/uploads\/sites\/4\/2024\/08\/Logo_Cesca-Cosmetics-1536x1536.jpeg 1536w, https:\/\/www.veranstalterei.com\/hochzeitsmesse-langenselbold\/wp-content\/uploads\/sites\/4\/2024\/08\/Logo_Cesca-Cosmetics.jpeg 1563w\" sizes=\"(max-width: 300px) 100vw, 300px\" data-id=\"5866\" \/> <\/a>\n\t\t\t\t\t\t<!-- Logo Title -->\n\t\t\t\t\t\t<h3 class=\"gs_logo_title\">CESCA COSMETICS &#038; ACADEMY<\/h3>\t\t\t\t\t\t\n\t\t\t\t\t\t<!-- Logo Category -->\n\t\t\t\t\t\t\n\t\t\t\t\t<\/div>\n\t\t\t\t<\/div>\n\n\t\t\t\n\t\t\t\t<div class=\"gs_logo_single--wrapper gs-filter-single-item djs saenger-in\">\n\t\t\t\t\t<div class=\"gs_logo_single\">\n\t\t\t\t\t\t\n\t\t\t\t\t\t<!-- Logo Image -->\n\t\t\t\t\t\t<a href=\"http:\/\/www.harryhasenpflug.de\" target=\"_blank\" rel=\"noopener\"><img loading=\"lazy\" decoding=\"async\" width=\"300\" height=\"212\" src=\"https:\/\/www.veranstalterei.com\/hochzeitsmesse-langenselbold\/wp-content\/uploads\/sites\/4\/2023\/08\/Logo_DJ-Harry-300x212.png\" class=\"default  gs-logo--img wp-post-image\" alt=\"\" title=\"DJ Harry Hasenpflug\" srcset=\"https:\/\/www.veranstalterei.com\/hochzeitsmesse-langenselbold\/wp-content\/uploads\/sites\/4\/2023\/08\/Logo_DJ-Harry-300x212.png 300w, https:\/\/www.veranstalterei.com\/hochzeitsmesse-langenselbold\/wp-content\/uploads\/sites\/4\/2023\/08\/Logo_DJ-Harry-1024x724.png 1024w, https:\/\/www.veranstalterei.com\/hochzeitsmesse-langenselbold\/wp-content\/uploads\/sites\/4\/2023\/08\/Logo_DJ-Harry-768x543.png 768w, https:\/\/www.veranstalterei.com\/hochzeitsmesse-langenselbold\/wp-content\/uploads\/sites\/4\/2023\/08\/Logo_DJ-Harry-1536x1086.png 1536w, https:\/\/www.veranstalterei.com\/hochzeitsmesse-langenselbold\/wp-content\/uploads\/sites\/4\/2023\/08\/Logo_DJ-Harry-2048x1448.png 2048w\" sizes=\"(max-width: 300px) 100vw, 300px\" data-id=\"5730\" \/> <img loading=\"lazy\" decoding=\"async\" width=\"248\" height=\"300\" src=\"https:\/\/www.veranstalterei.com\/hochzeitsmesse-langenselbold\/wp-content\/uploads\/sites\/4\/2023\/08\/IMG_2292-Gross-248x300.jpg\" class=\"gs-flip-img\" alt=\"\" srcset=\"https:\/\/www.veranstalterei.com\/hochzeitsmesse-langenselbold\/wp-content\/uploads\/sites\/4\/2023\/08\/IMG_2292-Gross-248x300.jpg 248w, https:\/\/www.veranstalterei.com\/hochzeitsmesse-langenselbold\/wp-content\/uploads\/sites\/4\/2023\/08\/IMG_2292-Gross-847x1024.jpg 847w, https:\/\/www.veranstalterei.com\/hochzeitsmesse-langenselbold\/wp-content\/uploads\/sites\/4\/2023\/08\/IMG_2292-Gross-768x929.jpg 768w, https:\/\/www.veranstalterei.com\/hochzeitsmesse-langenselbold\/wp-content\/uploads\/sites\/4\/2023\/08\/IMG_2292-Gross.jpg 893w\" sizes=\"(max-width: 248px) 100vw, 248px\" data-id=\"5726\" \/><\/a>\n\t\t\t\t\t\t<!-- Logo Title -->\n\t\t\t\t\t\t<h3 class=\"gs_logo_title\">DJ Harry Hasenpflug<\/h3>\t\t\t\t\t\t\n\t\t\t\t\t\t<!-- Logo Category -->\n\t\t\t\t\t\t\n\t\t\t\t\t<\/div>\n\t\t\t\t<\/div>\n\n\t\t\t\n\t\t\t\t<div class=\"gs_logo_single--wrapper gs-filter-single-item rabatt-aktion gastgeschenke\">\n\t\t\t\t\t<div class=\"gs_logo_single\">\n\t\t\t\t\t\t\n\t\t\t\t\t\t<!-- Logo Image -->\n\t\t\t\t\t\t<a href=\"https:\/\/www.instagram.com\/nowaste_gmbh\/\" target=\"_blank\" rel=\"noopener\"><img loading=\"lazy\" decoding=\"async\" width=\"300\" height=\"300\" src=\"https:\/\/www.veranstalterei.com\/hochzeitsmesse-langenselbold\/wp-content\/uploads\/sites\/4\/2024\/09\/Logo_Nowaste-300x300.png\" class=\"default  gs-logo--img wp-post-image\" alt=\"\" title=\"Nowaste\" srcset=\"https:\/\/www.veranstalterei.com\/hochzeitsmesse-langenselbold\/wp-content\/uploads\/sites\/4\/2024\/09\/Logo_Nowaste-300x300.png 300w, https:\/\/www.veranstalterei.com\/hochzeitsmesse-langenselbold\/wp-content\/uploads\/sites\/4\/2024\/09\/Logo_Nowaste-1024x1024.png 1024w, https:\/\/www.veranstalterei.com\/hochzeitsmesse-langenselbold\/wp-content\/uploads\/sites\/4\/2024\/09\/Logo_Nowaste-150x150.png 150w, https:\/\/www.veranstalterei.com\/hochzeitsmesse-langenselbold\/wp-content\/uploads\/sites\/4\/2024\/09\/Logo_Nowaste-768x768.png 768w, https:\/\/www.veranstalterei.com\/hochzeitsmesse-langenselbold\/wp-content\/uploads\/sites\/4\/2024\/09\/Logo_Nowaste-720x720.png 720w, https:\/\/www.veranstalterei.com\/hochzeitsmesse-langenselbold\/wp-content\/uploads\/sites\/4\/2024\/09\/Logo_Nowaste-1536x1536.png 1536w, https:\/\/www.veranstalterei.com\/hochzeitsmesse-langenselbold\/wp-content\/uploads\/sites\/4\/2024\/09\/Logo_Nowaste-2048x2048.png 2048w\" sizes=\"(max-width: 300px) 100vw, 300px\" data-id=\"5979\" \/> <img loading=\"lazy\" decoding=\"async\" width=\"260\" height=\"300\" src=\"https:\/\/www.veranstalterei.com\/hochzeitsmesse-langenselbold\/wp-content\/uploads\/sites\/4\/2024\/09\/treeecup-400-treelid-260x300.jpg\" class=\"gs-flip-img\" alt=\"\" srcset=\"https:\/\/www.veranstalterei.com\/hochzeitsmesse-langenselbold\/wp-content\/uploads\/sites\/4\/2024\/09\/treeecup-400-treelid-260x300.jpg 260w, https:\/\/www.veranstalterei.com\/hochzeitsmesse-langenselbold\/wp-content\/uploads\/sites\/4\/2024\/09\/treeecup-400-treelid-888x1024.jpg 888w, https:\/\/www.veranstalterei.com\/hochzeitsmesse-langenselbold\/wp-content\/uploads\/sites\/4\/2024\/09\/treeecup-400-treelid-768x885.jpg 768w, https:\/\/www.veranstalterei.com\/hochzeitsmesse-langenselbold\/wp-content\/uploads\/sites\/4\/2024\/09\/treeecup-400-treelid-1332x1536.jpg 1332w, https:\/\/www.veranstalterei.com\/hochzeitsmesse-langenselbold\/wp-content\/uploads\/sites\/4\/2024\/09\/treeecup-400-treelid-1777x2048.jpg 1777w\" sizes=\"(max-width: 260px) 100vw, 260px\" data-id=\"5977\" \/><\/a>\n\t\t\t\t\t\t<!-- Logo Title -->\n\t\t\t\t\t\t<h3 class=\"gs_logo_title\">Nowaste<\/h3>\t\t\t\t\t\t\n\t\t\t\t\t\t<!-- Logo Category -->\n\t\t\t\t\t\t\n\t\t\t\t\t<\/div>\n\t\t\t\t<\/div>\n\n\t\t\t\n\t\t\t\t<div class=\"gs_logo_single--wrapper gs-filter-single-item fahrzeuge\">\n\t\t\t\t\t<div class=\"gs_logo_single\">\n\t\t\t\t\t\t\n\t\t\t\t\t\t<!-- Logo Image -->\n\t\t\t\t\t\t<a href=\"http:\/\/www.becker-sportcars.de\" target=\"_blank\" rel=\"noopener\"><img loading=\"lazy\" decoding=\"async\" width=\"300\" height=\"300\" src=\"https:\/\/www.veranstalterei.com\/hochzeitsmesse-langenselbold\/wp-content\/uploads\/sites\/4\/2022\/07\/Autovermietung_Becker_Logo-300x300.png\" class=\"default  gs-logo--img wp-post-image\" alt=\"\" title=\"Becker Sportcars\" srcset=\"https:\/\/www.veranstalterei.com\/hochzeitsmesse-langenselbold\/wp-content\/uploads\/sites\/4\/2022\/07\/Autovermietung_Becker_Logo-300x300.png 300w, https:\/\/www.veranstalterei.com\/hochzeitsmesse-langenselbold\/wp-content\/uploads\/sites\/4\/2022\/07\/Autovermietung_Becker_Logo-150x150.png 150w, https:\/\/www.veranstalterei.com\/hochzeitsmesse-langenselbold\/wp-content\/uploads\/sites\/4\/2022\/07\/Autovermietung_Becker_Logo-768x768.png 768w, https:\/\/www.veranstalterei.com\/hochzeitsmesse-langenselbold\/wp-content\/uploads\/sites\/4\/2022\/07\/Autovermietung_Becker_Logo-720x720.png 720w, https:\/\/www.veranstalterei.com\/hochzeitsmesse-langenselbold\/wp-content\/uploads\/sites\/4\/2022\/07\/Autovermietung_Becker_Logo.png 1000w\" sizes=\"(max-width: 300px) 100vw, 300px\" data-id=\"5304\" \/> <img loading=\"lazy\" decoding=\"async\" width=\"300\" height=\"200\" src=\"https:\/\/www.veranstalterei.com\/hochzeitsmesse-langenselbold\/wp-content\/uploads\/sites\/4\/2022\/01\/IMG-20181005-WA0016-300x200.jpg\" class=\"gs-flip-img\" alt=\"\" srcset=\"https:\/\/www.veranstalterei.com\/hochzeitsmesse-langenselbold\/wp-content\/uploads\/sites\/4\/2022\/01\/IMG-20181005-WA0016-300x200.jpg 300w, https:\/\/www.veranstalterei.com\/hochzeitsmesse-langenselbold\/wp-content\/uploads\/sites\/4\/2022\/01\/IMG-20181005-WA0016-768x512.jpg 768w, https:\/\/www.veranstalterei.com\/hochzeitsmesse-langenselbold\/wp-content\/uploads\/sites\/4\/2022\/01\/IMG-20181005-WA0016.jpg 1024w\" sizes=\"(max-width: 300px) 100vw, 300px\" data-id=\"5711\" \/><\/a>\n\t\t\t\t\t\t<!-- Logo Title -->\n\t\t\t\t\t\t<h3 class=\"gs_logo_title\">Becker Sportcars<\/h3>\t\t\t\t\t\t\n\t\t\t\t\t\t<!-- Logo Category -->\n\t\t\t\t\t\t\n\t\t\t\t\t<\/div>\n\t\t\t\t<\/div>\n\n\t\t\t\n\t\t\t\t<div class=\"gs_logo_single--wrapper gs-filter-single-item rabatt-aktion juweliere\">\n\t\t\t\t\t<div class=\"gs_logo_single\">\n\t\t\t\t\t\t\n\t\t\t\t\t\t<!-- Logo Image -->\n\t\t\t\t\t\t<a href=\"http:\/\/www.goldenluxury.de\" target=\"_blank\" rel=\"noopener\"><img loading=\"lazy\" decoding=\"async\" width=\"300\" height=\"237\" src=\"https:\/\/www.veranstalterei.com\/hochzeitsmesse-langenselbold\/wp-content\/uploads\/sites\/4\/2024\/08\/Frumento-Logo-300x237.jpg\" class=\"default  gs-logo--img wp-post-image\" alt=\"\" title=\"Frumento Goldenluxury\" srcset=\"https:\/\/www.veranstalterei.com\/hochzeitsmesse-langenselbold\/wp-content\/uploads\/sites\/4\/2024\/08\/Frumento-Logo-300x237.jpg 300w, https:\/\/www.veranstalterei.com\/hochzeitsmesse-langenselbold\/wp-content\/uploads\/sites\/4\/2024\/08\/Frumento-Logo-1024x809.jpg 1024w, https:\/\/www.veranstalterei.com\/hochzeitsmesse-langenselbold\/wp-content\/uploads\/sites\/4\/2024\/08\/Frumento-Logo-768x607.jpg 768w, https:\/\/www.veranstalterei.com\/hochzeitsmesse-langenselbold\/wp-content\/uploads\/sites\/4\/2024\/08\/Frumento-Logo.jpg 1284w\" sizes=\"(max-width: 300px) 100vw, 300px\" data-id=\"5813\" \/> <\/a>\n\t\t\t\t\t\t<!-- Logo Title -->\n\t\t\t\t\t\t<h3 class=\"gs_logo_title\">Frumento Goldenluxury<\/h3>\t\t\t\t\t\t\n\t\t\t\t\t\t<!-- Logo Category -->\n\t\t\t\t\t\t\n\t\t\t\t\t<\/div>\n\t\t\t\t<\/div>\n\n\t\t\t\n\t\t\t\t<div class=\"gs_logo_single--wrapper gs-filter-single-item rabatt-aktion eventmoebel zeltverleih\">\n\t\t\t\t\t<div class=\"gs_logo_single\">\n\t\t\t\t\t\t\n\t\t\t\t\t\t<!-- Logo Image -->\n\t\t\t\t\t\t<a href=\"https:\/\/www.instagram.com\/lz_zeltebau\/\" target=\"_blank\" rel=\"noopener\"><img loading=\"lazy\" decoding=\"async\" width=\"300\" height=\"295\" src=\"https:\/\/www.veranstalterei.com\/hochzeitsmesse-langenselbold\/wp-content\/uploads\/sites\/4\/2024\/09\/Logo_LZ-Zelte-300x295.jpg\" class=\"default  gs-logo--img wp-post-image\" alt=\"\" title=\"LZ-Zelte\" srcset=\"https:\/\/www.veranstalterei.com\/hochzeitsmesse-langenselbold\/wp-content\/uploads\/sites\/4\/2024\/09\/Logo_LZ-Zelte-300x295.jpg 300w, https:\/\/www.veranstalterei.com\/hochzeitsmesse-langenselbold\/wp-content\/uploads\/sites\/4\/2024\/09\/Logo_LZ-Zelte-1024x1008.jpg 1024w, https:\/\/www.veranstalterei.com\/hochzeitsmesse-langenselbold\/wp-content\/uploads\/sites\/4\/2024\/09\/Logo_LZ-Zelte-768x756.jpg 768w, https:\/\/www.veranstalterei.com\/hochzeitsmesse-langenselbold\/wp-content\/uploads\/sites\/4\/2024\/09\/Logo_LZ-Zelte.jpg 1170w\" sizes=\"(max-width: 300px) 100vw, 300px\" data-id=\"6034\" \/> <\/a>\n\t\t\t\t\t\t<!-- Logo Title -->\n\t\t\t\t\t\t<h3 class=\"gs_logo_title\">LZ-Zelte<\/h3>\t\t\t\t\t\t\n\t\t\t\t\t\t<!-- Logo Category -->\n\t\t\t\t\t\t\n\t\t\t\t\t<\/div>\n\t\t\t\t<\/div>\n\n\t\t\t\n\t\t\t\t<div class=\"gs_logo_single--wrapper gs-filter-single-item floristik\">\n\t\t\t\t\t<div class=\"gs_logo_single\">\n\t\t\t\t\t\t\n\t\t\t\t\t\t<!-- Logo Image -->\n\t\t\t\t\t\t<img loading=\"lazy\" decoding=\"async\" width=\"300\" height=\"300\" src=\"https:\/\/www.veranstalterei.com\/hochzeitsmesse-langenselbold\/wp-content\/uploads\/sites\/4\/2024\/08\/Logo_Blumenzauber-Herzog-300x300.jpg\" class=\"default  gs-logo--img wp-post-image\" alt=\"\" title=\"Blumenzauber Herzog\" srcset=\"https:\/\/www.veranstalterei.com\/hochzeitsmesse-langenselbold\/wp-content\/uploads\/sites\/4\/2024\/08\/Logo_Blumenzauber-Herzog-300x300.jpg 300w, https:\/\/www.veranstalterei.com\/hochzeitsmesse-langenselbold\/wp-content\/uploads\/sites\/4\/2024\/08\/Logo_Blumenzauber-Herzog-1024x1024.jpg 1024w, https:\/\/www.veranstalterei.com\/hochzeitsmesse-langenselbold\/wp-content\/uploads\/sites\/4\/2024\/08\/Logo_Blumenzauber-Herzog-150x150.jpg 150w, https:\/\/www.veranstalterei.com\/hochzeitsmesse-langenselbold\/wp-content\/uploads\/sites\/4\/2024\/08\/Logo_Blumenzauber-Herzog-768x768.jpg 768w, https:\/\/www.veranstalterei.com\/hochzeitsmesse-langenselbold\/wp-content\/uploads\/sites\/4\/2024\/08\/Logo_Blumenzauber-Herzog-720x720.jpg 720w, https:\/\/www.veranstalterei.com\/hochzeitsmesse-langenselbold\/wp-content\/uploads\/sites\/4\/2024\/08\/Logo_Blumenzauber-Herzog-1536x1536.jpg 1536w, https:\/\/www.veranstalterei.com\/hochzeitsmesse-langenselbold\/wp-content\/uploads\/sites\/4\/2024\/08\/Logo_Blumenzauber-Herzog-2048x2048.jpg 2048w\" sizes=\"(max-width: 300px) 100vw, 300px\" data-id=\"5854\" \/>\n\t\t\t\t\t\t<!-- Logo Title -->\n\t\t\t\t\t\t<h3 class=\"gs_logo_title\">Blumenzauber Herzog<\/h3>\t\t\t\t\t\t\n\t\t\t\t\t\t<!-- Logo Category -->\n\t\t\t\t\t\t\n\t\t\t\t\t<\/div>\n\t\t\t\t<\/div>\n\n\t\t\t\n\t\t\t\t<div class=\"gs_logo_single--wrapper gs-filter-single-item licht-und-ton-eventtechnik\">\n\t\t\t\t\t<div class=\"gs_logo_single\">\n\t\t\t\t\t\t\n\t\t\t\t\t\t<!-- Logo Image -->\n\t\t\t\t\t\t<a href=\"http:\/\/www.e-v-s.de\" target=\"_blank\" rel=\"noopener\"><img loading=\"lazy\" decoding=\"async\" width=\"300\" height=\"300\" src=\"https:\/\/www.veranstalterei.com\/hochzeitsmesse-langenselbold\/wp-content\/uploads\/sites\/4\/2022\/08\/Fuer-das-Web-klein-300x300.jpg\" class=\"default  gs-logo--img wp-post-image\" alt=\"\" title=\"Eventservice\" srcset=\"https:\/\/www.veranstalterei.com\/hochzeitsmesse-langenselbold\/wp-content\/uploads\/sites\/4\/2022\/08\/Fuer-das-Web-klein-300x300.jpg 300w, https:\/\/www.veranstalterei.com\/hochzeitsmesse-langenselbold\/wp-content\/uploads\/sites\/4\/2022\/08\/Fuer-das-Web-klein-150x150.jpg 150w, https:\/\/www.veranstalterei.com\/hochzeitsmesse-langenselbold\/wp-content\/uploads\/sites\/4\/2022\/08\/Fuer-das-Web-klein-768x768.jpg 768w, https:\/\/www.veranstalterei.com\/hochzeitsmesse-langenselbold\/wp-content\/uploads\/sites\/4\/2022\/08\/Fuer-das-Web-klein-720x720.jpg 720w, https:\/\/www.veranstalterei.com\/hochzeitsmesse-langenselbold\/wp-content\/uploads\/sites\/4\/2022\/08\/Fuer-das-Web-klein.jpg 833w\" sizes=\"(max-width: 300px) 100vw, 300px\" data-id=\"5446\" \/> <\/a>\n\t\t\t\t\t\t<!-- Logo Title -->\n\t\t\t\t\t\t<h3 class=\"gs_logo_title\">Eventservice<\/h3>\t\t\t\t\t\t\n\t\t\t\t\t\t<!-- Logo Category -->\n\t\t\t\t\t\t\n\t\t\t\t\t<\/div>\n\t\t\t\t<\/div>\n\n\t\t\t\n\t\t\t\t<div class=\"gs_logo_single--wrapper gs-filter-single-item rabatt-aktion kosmetik\">\n\t\t\t\t\t<div class=\"gs_logo_single\">\n\t\t\t\t\t\t\n\t\t\t\t\t\t<!-- Logo Image -->\n\t\t\t\t\t\t<a href=\"http:\/\/www.gg-m-c.de\" target=\"_blank\" rel=\"noopener\"><img loading=\"lazy\" decoding=\"async\" width=\"300\" height=\"300\" src=\"https:\/\/www.veranstalterei.com\/hochzeitsmesse-langenselbold\/wp-content\/uploads\/sites\/4\/2024\/09\/Logo_GG-Medical-300x300.png\" class=\"default  gs-logo--img wp-post-image\" alt=\"\" title=\"GG medical cosmetics\" srcset=\"https:\/\/www.veranstalterei.com\/hochzeitsmesse-langenselbold\/wp-content\/uploads\/sites\/4\/2024\/09\/Logo_GG-Medical-300x300.png 300w, https:\/\/www.veranstalterei.com\/hochzeitsmesse-langenselbold\/wp-content\/uploads\/sites\/4\/2024\/09\/Logo_GG-Medical-150x150.png 150w, https:\/\/www.veranstalterei.com\/hochzeitsmesse-langenselbold\/wp-content\/uploads\/sites\/4\/2024\/09\/Logo_GG-Medical.png 500w\" sizes=\"(max-width: 300px) 100vw, 300px\" data-id=\"6031\" \/> <\/a>\n\t\t\t\t\t\t<!-- Logo Title -->\n\t\t\t\t\t\t<h3 class=\"gs_logo_title\">GG medical cosmetics<\/h3>\t\t\t\t\t\t\n\t\t\t\t\t\t<!-- Logo Category -->\n\t\t\t\t\t\t\n\t\t\t\t\t<\/div>\n\t\t\t\t<\/div>\n\n\t\t\t\n\t\t\t\t<div class=\"gs_logo_single--wrapper gs-filter-single-item hochzeitsredner-in\">\n\t\t\t\t\t<div class=\"gs_logo_single\">\n\t\t\t\t\t\t\n\t\t\t\t\t\t<!-- Logo Image -->\n\t\t\t\t\t\t<a href=\"https:\/\/www.patriziasteinhorst.com\/\" target=\"_blank\" rel=\"noopener\"><img loading=\"lazy\" decoding=\"async\" width=\"300\" height=\"300\" src=\"https:\/\/www.veranstalterei.com\/hochzeitsmesse-langenselbold\/wp-content\/uploads\/sites\/4\/2024\/09\/Logo_Patrizia-300x300.png\" class=\"default  gs-logo--img wp-post-image\" alt=\"\" title=\"Patrizia Steinhorst\" srcset=\"https:\/\/www.veranstalterei.com\/hochzeitsmesse-langenselbold\/wp-content\/uploads\/sites\/4\/2024\/09\/Logo_Patrizia-300x300.png 300w, https:\/\/www.veranstalterei.com\/hochzeitsmesse-langenselbold\/wp-content\/uploads\/sites\/4\/2024\/09\/Logo_Patrizia-150x150.png 150w, https:\/\/www.veranstalterei.com\/hochzeitsmesse-langenselbold\/wp-content\/uploads\/sites\/4\/2024\/09\/Logo_Patrizia.png 600w\" sizes=\"(max-width: 300px) 100vw, 300px\" data-id=\"6052\" \/> <\/a>\n\t\t\t\t\t\t<!-- Logo Title -->\n\t\t\t\t\t\t<h3 class=\"gs_logo_title\">Patrizia Steinhorst<\/h3>\t\t\t\t\t\t\n\t\t\t\t\t\t<!-- Logo Category -->\n\t\t\t\t\t\t\n\t\t\t\t\t<\/div>\n\t\t\t\t<\/div>\n\n\t\t\t\n\t\t\t\t<div class=\"gs_logo_single--wrapper gs-filter-single-item finanzen\">\n\t\t\t\t\t<div class=\"gs_logo_single\">\n\t\t\t\t\t\t\n\t\t\t\t\t\t<!-- Logo Image -->\n\t\t\t\t\t\t<a href=\"http:\/\/www.telis-finanz.de\" target=\"_blank\" rel=\"noopener\"><img loading=\"lazy\" decoding=\"async\" width=\"300\" height=\"300\" src=\"https:\/\/www.veranstalterei.com\/hochzeitsmesse-langenselbold\/wp-content\/uploads\/sites\/4\/2022\/07\/telis-finanz_Logo-300x300.jpg\" class=\"default  gs-logo--img wp-post-image\" alt=\"\" title=\"Telis Finanz AG \u2013 Kanzlei Marco Gelhard\" srcset=\"https:\/\/www.veranstalterei.com\/hochzeitsmesse-langenselbold\/wp-content\/uploads\/sites\/4\/2022\/07\/telis-finanz_Logo-300x300.jpg 300w, https:\/\/www.veranstalterei.com\/hochzeitsmesse-langenselbold\/wp-content\/uploads\/sites\/4\/2022\/07\/telis-finanz_Logo-150x150.jpg 150w, https:\/\/www.veranstalterei.com\/hochzeitsmesse-langenselbold\/wp-content\/uploads\/sites\/4\/2022\/07\/telis-finanz_Logo-768x768.jpg 768w, https:\/\/www.veranstalterei.com\/hochzeitsmesse-langenselbold\/wp-content\/uploads\/sites\/4\/2022\/07\/telis-finanz_Logo-720x720.jpg 720w, https:\/\/www.veranstalterei.com\/hochzeitsmesse-langenselbold\/wp-content\/uploads\/sites\/4\/2022\/07\/telis-finanz_Logo.jpg 1000w\" sizes=\"(max-width: 300px) 100vw, 300px\" data-id=\"5335\" \/> <\/a>\n\t\t\t\t\t\t<!-- Logo Title -->\n\t\t\t\t\t\t<h3 class=\"gs_logo_title\">Telis Finanz AG \u2013 Kanzlei Marco Gelhard<\/h3>\t\t\t\t\t\t\n\t\t\t\t\t\t<!-- Logo Category -->\n\t\t\t\t\t\t\n\t\t\t\t\t<\/div>\n\t\t\t\t<\/div>\n\n\t\t\t\n\t\t\t\t<div class=\"gs_logo_single--wrapper gs-filter-single-item gastgeschenke\">\n\t\t\t\t\t<div class=\"gs_logo_single\">\n\t\t\t\t\t\t\n\t\t\t\t\t\t<!-- Logo Image -->\n\t\t\t\t\t\t<a href=\"https:\/\/www.instagram.com\/simone_weiskopf\/\" target=\"_blank\" rel=\"noopener\"><img loading=\"lazy\" decoding=\"async\" width=\"300\" height=\"300\" src=\"https:\/\/www.veranstalterei.com\/hochzeitsmesse-langenselbold\/wp-content\/uploads\/sites\/4\/2024\/09\/Logo_Simone-Weiskopf_Cookit-300x300.jpg\" class=\"default  gs-logo--img wp-post-image\" alt=\"\" title=\"Cookit &#8211; Simone Weiskopf\" srcset=\"https:\/\/www.veranstalterei.com\/hochzeitsmesse-langenselbold\/wp-content\/uploads\/sites\/4\/2024\/09\/Logo_Simone-Weiskopf_Cookit-300x300.jpg 300w, https:\/\/www.veranstalterei.com\/hochzeitsmesse-langenselbold\/wp-content\/uploads\/sites\/4\/2024\/09\/Logo_Simone-Weiskopf_Cookit-1024x1024.jpg 1024w, https:\/\/www.veranstalterei.com\/hochzeitsmesse-langenselbold\/wp-content\/uploads\/sites\/4\/2024\/09\/Logo_Simone-Weiskopf_Cookit-150x150.jpg 150w, https:\/\/www.veranstalterei.com\/hochzeitsmesse-langenselbold\/wp-content\/uploads\/sites\/4\/2024\/09\/Logo_Simone-Weiskopf_Cookit-768x768.jpg 768w, https:\/\/www.veranstalterei.com\/hochzeitsmesse-langenselbold\/wp-content\/uploads\/sites\/4\/2024\/09\/Logo_Simone-Weiskopf_Cookit-720x720.jpg 720w, https:\/\/www.veranstalterei.com\/hochzeitsmesse-langenselbold\/wp-content\/uploads\/sites\/4\/2024\/09\/Logo_Simone-Weiskopf_Cookit-1536x1536.jpg 1536w, https:\/\/www.veranstalterei.com\/hochzeitsmesse-langenselbold\/wp-content\/uploads\/sites\/4\/2024\/09\/Logo_Simone-Weiskopf_Cookit-2048x2048.jpg 2048w\" sizes=\"(max-width: 300px) 100vw, 300px\" data-id=\"6028\" \/> <\/a>\n\t\t\t\t\t\t<!-- Logo Title -->\n\t\t\t\t\t\t<h3 class=\"gs_logo_title\">Cookit &#8211; Simone Weiskopf<\/h3>\t\t\t\t\t\t\n\t\t\t\t\t\t<!-- Logo Category -->\n\t\t\t\t\t\t\n\t\t\t\t\t<\/div>\n\t\t\t\t<\/div>\n\n\t\t\t\n\t\t\t\t<div class=\"gs_logo_single--wrapper gs-filter-single-item caterer locations\">\n\t\t\t\t\t<div class=\"gs_logo_single\">\n\t\t\t\t\t\t\n\t\t\t\t\t\t<!-- Logo Image -->\n\t\t\t\t\t\t<a href=\"http:\/\/www.dragonerbau.de\" target=\"_blank\" rel=\"noopener\"><img loading=\"lazy\" decoding=\"async\" width=\"300\" height=\"300\" src=\"https:\/\/www.veranstalterei.com\/hochzeitsmesse-langenselbold\/wp-content\/uploads\/sites\/4\/2022\/07\/Dragonerbau_Logo-300x300.png\" class=\"default  gs-logo--img wp-post-image\" alt=\"\" title=\"Hotel &#038; Restaurant Dragonerbau\" srcset=\"https:\/\/www.veranstalterei.com\/hochzeitsmesse-langenselbold\/wp-content\/uploads\/sites\/4\/2022\/07\/Dragonerbau_Logo-300x300.png 300w, https:\/\/www.veranstalterei.com\/hochzeitsmesse-langenselbold\/wp-content\/uploads\/sites\/4\/2022\/07\/Dragonerbau_Logo-150x150.png 150w, https:\/\/www.veranstalterei.com\/hochzeitsmesse-langenselbold\/wp-content\/uploads\/sites\/4\/2022\/07\/Dragonerbau_Logo.png 500w\" sizes=\"(max-width: 300px) 100vw, 300px\" data-id=\"5316\" \/> <img loading=\"lazy\" decoding=\"async\" width=\"300\" height=\"225\" src=\"https:\/\/www.veranstalterei.com\/hochzeitsmesse-langenselbold\/wp-content\/uploads\/sites\/4\/2024\/09\/dragonerbau-300x225.jpg\" class=\"gs-flip-img\" alt=\"\" srcset=\"https:\/\/www.veranstalterei.com\/hochzeitsmesse-langenselbold\/wp-content\/uploads\/sites\/4\/2024\/09\/dragonerbau-300x225.jpg 300w, https:\/\/www.veranstalterei.com\/hochzeitsmesse-langenselbold\/wp-content\/uploads\/sites\/4\/2024\/09\/dragonerbau-1024x768.jpg 1024w, https:\/\/www.veranstalterei.com\/hochzeitsmesse-langenselbold\/wp-content\/uploads\/sites\/4\/2024\/09\/dragonerbau-768x576.jpg 768w, https:\/\/www.veranstalterei.com\/hochzeitsmesse-langenselbold\/wp-content\/uploads\/sites\/4\/2024\/09\/dragonerbau-1536x1152.jpg 1536w, https:\/\/www.veranstalterei.com\/hochzeitsmesse-langenselbold\/wp-content\/uploads\/sites\/4\/2024\/09\/dragonerbau.jpg 1600w\" sizes=\"(max-width: 300px) 100vw, 300px\" data-id=\"5981\" \/><\/a>\n\t\t\t\t\t\t<!-- Logo Title -->\n\t\t\t\t\t\t<h3 class=\"gs_logo_title\">Hotel &#038; Restaurant Dragonerbau<\/h3>\t\t\t\t\t\t\n\t\t\t\t\t\t<!-- Logo Category -->\n\t\t\t\t\t\t\n\t\t\t\t\t<\/div>\n\t\t\t\t<\/div>\n\n\t\t\t\n\t\t\t\t<div class=\"gs_logo_single--wrapper gs-filter-single-item frisuren styling\">\n\t\t\t\t\t<div class=\"gs_logo_single\">\n\t\t\t\t\t\t\n\t\t\t\t\t\t<!-- Logo Image -->\n\t\t\t\t\t\t<a href=\"https:\/\/www.instagram.com\/haarmoniebeimelanie\/\" target=\"_blank\" rel=\"noopener\"><img loading=\"lazy\" decoding=\"async\" width=\"300\" height=\"300\" src=\"https:\/\/www.veranstalterei.com\/hochzeitsmesse-langenselbold\/wp-content\/uploads\/sites\/4\/2024\/08\/Logo_Haarmonie-300x300.png\" class=\"default  gs-logo--img wp-post-image\" alt=\"\" title=\"Haarmonie bei Melanie\" srcset=\"https:\/\/www.veranstalterei.com\/hochzeitsmesse-langenselbold\/wp-content\/uploads\/sites\/4\/2024\/08\/Logo_Haarmonie-300x300.png 300w, https:\/\/www.veranstalterei.com\/hochzeitsmesse-langenselbold\/wp-content\/uploads\/sites\/4\/2024\/08\/Logo_Haarmonie-150x150.png 150w, https:\/\/www.veranstalterei.com\/hochzeitsmesse-langenselbold\/wp-content\/uploads\/sites\/4\/2024\/08\/Logo_Haarmonie.png 500w\" sizes=\"(max-width: 300px) 100vw, 300px\" data-id=\"5860\" \/> <img loading=\"lazy\" decoding=\"async\" width=\"200\" height=\"300\" src=\"https:\/\/www.veranstalterei.com\/hochzeitsmesse-langenselbold\/wp-content\/uploads\/sites\/4\/2024\/08\/IMG_9822-200x300.jpeg\" class=\"gs-flip-img\" alt=\"\" srcset=\"https:\/\/www.veranstalterei.com\/hochzeitsmesse-langenselbold\/wp-content\/uploads\/sites\/4\/2024\/08\/IMG_9822-200x300.jpeg 200w, https:\/\/www.veranstalterei.com\/hochzeitsmesse-langenselbold\/wp-content\/uploads\/sites\/4\/2024\/08\/IMG_9822-683x1024.jpeg 683w, https:\/\/www.veranstalterei.com\/hochzeitsmesse-langenselbold\/wp-content\/uploads\/sites\/4\/2024\/08\/IMG_9822-768x1152.jpeg 768w, https:\/\/www.veranstalterei.com\/hochzeitsmesse-langenselbold\/wp-content\/uploads\/sites\/4\/2024\/08\/IMG_9822.jpeg 1024w\" sizes=\"(max-width: 200px) 100vw, 200px\" data-id=\"5859\" \/><\/a>\n\t\t\t\t\t\t<!-- Logo Title -->\n\t\t\t\t\t\t<h3 class=\"gs_logo_title\">Haarmonie bei Melanie<\/h3>\t\t\t\t\t\t\n\t\t\t\t\t\t<!-- Logo Category -->\n\t\t\t\t\t\t\n\t\t\t\t\t<\/div>\n\t\t\t\t<\/div>\n\n\t\t\t\n\t\t\t\t<div class=\"gs_logo_single--wrapper gs-filter-single-item hochzeitsredner-in\">\n\t\t\t\t\t<div class=\"gs_logo_single\">\n\t\t\t\t\t\t\n\t\t\t\t\t\t<!-- Logo Image -->\n\t\t\t\t\t\t<a href=\"https:\/\/www.liebeslauschen-traureden.de\/\" target=\"_blank\" rel=\"noopener\"><img loading=\"lazy\" decoding=\"async\" width=\"300\" height=\"300\" src=\"https:\/\/www.veranstalterei.com\/hochzeitsmesse-langenselbold\/wp-content\/uploads\/sites\/4\/2024\/09\/Logo_Liebeslauschen_gross-300x300.png\" class=\"default  gs-logo--img wp-post-image\" alt=\"\" title=\"Liebeslauschen Traureden\" srcset=\"https:\/\/www.veranstalterei.com\/hochzeitsmesse-langenselbold\/wp-content\/uploads\/sites\/4\/2024\/09\/Logo_Liebeslauschen_gross-300x300.png 300w, https:\/\/www.veranstalterei.com\/hochzeitsmesse-langenselbold\/wp-content\/uploads\/sites\/4\/2024\/09\/Logo_Liebeslauschen_gross-150x150.png 150w, https:\/\/www.veranstalterei.com\/hochzeitsmesse-langenselbold\/wp-content\/uploads\/sites\/4\/2024\/09\/Logo_Liebeslauschen_gross.png 700w\" sizes=\"(max-width: 300px) 100vw, 300px\" data-id=\"5968\" \/> <img loading=\"lazy\" decoding=\"async\" width=\"300\" height=\"200\" src=\"https:\/\/www.veranstalterei.com\/hochzeitsmesse-langenselbold\/wp-content\/uploads\/sites\/4\/2024\/09\/IMG_2006-300x200.jpeg\" class=\"gs-flip-img\" alt=\"\" srcset=\"https:\/\/www.veranstalterei.com\/hochzeitsmesse-langenselbold\/wp-content\/uploads\/sites\/4\/2024\/09\/IMG_2006-300x200.jpeg 300w, https:\/\/www.veranstalterei.com\/hochzeitsmesse-langenselbold\/wp-content\/uploads\/sites\/4\/2024\/09\/IMG_2006.jpeg 640w\" sizes=\"(max-width: 300px) 100vw, 300px\" data-id=\"5965\" \/><\/a>\n\t\t\t\t\t\t<!-- Logo Title -->\n\t\t\t\t\t\t<h3 class=\"gs_logo_title\">Liebeslauschen Traureden<\/h3>\t\t\t\t\t\t\n\t\t\t\t\t\t<!-- Logo Category -->\n\t\t\t\t\t\t\n\t\t\t\t\t<\/div>\n\t\t\t\t<\/div>\n\n\t\t\t\n\t\t\t\t<div class=\"gs_logo_single--wrapper gs-filter-single-item floristik\">\n\t\t\t\t\t<div class=\"gs_logo_single\">\n\t\t\t\t\t\t\n\t\t\t\t\t\t<!-- Logo Image -->\n\t\t\t\t\t\t<img loading=\"lazy\" decoding=\"async\" width=\"300\" height=\"300\" src=\"https:\/\/www.veranstalterei.com\/hochzeitsmesse-langenselbold\/wp-content\/uploads\/sites\/4\/2024\/09\/Logo_Donroeschen-300x300.png\" class=\"default  gs-logo--img wp-post-image\" alt=\"\" title=\"Donr\u00f6schen\" srcset=\"https:\/\/www.veranstalterei.com\/hochzeitsmesse-langenselbold\/wp-content\/uploads\/sites\/4\/2024\/09\/Logo_Donroeschen-300x300.png 300w, https:\/\/www.veranstalterei.com\/hochzeitsmesse-langenselbold\/wp-content\/uploads\/sites\/4\/2024\/09\/Logo_Donroeschen-1024x1024.png 1024w, https:\/\/www.veranstalterei.com\/hochzeitsmesse-langenselbold\/wp-content\/uploads\/sites\/4\/2024\/09\/Logo_Donroeschen-150x150.png 150w, https:\/\/www.veranstalterei.com\/hochzeitsmesse-langenselbold\/wp-content\/uploads\/sites\/4\/2024\/09\/Logo_Donroeschen-768x768.png 768w, https:\/\/www.veranstalterei.com\/hochzeitsmesse-langenselbold\/wp-content\/uploads\/sites\/4\/2024\/09\/Logo_Donroeschen-720x720.png 720w, https:\/\/www.veranstalterei.com\/hochzeitsmesse-langenselbold\/wp-content\/uploads\/sites\/4\/2024\/09\/Logo_Donroeschen-1536x1536.png 1536w, https:\/\/www.veranstalterei.com\/hochzeitsmesse-langenselbold\/wp-content\/uploads\/sites\/4\/2024\/09\/Logo_Donroeschen-2048x2048.png 2048w\" sizes=\"(max-width: 300px) 100vw, 300px\" data-id=\"5970\" \/>\n\t\t\t\t\t\t<!-- Logo Title -->\n\t\t\t\t\t\t<h3 class=\"gs_logo_title\">Donr\u00f6schen<\/h3>\t\t\t\t\t\t\n\t\t\t\t\t\t<!-- Logo Category -->\n\t\t\t\t\t\t\n\t\t\t\t\t<\/div>\n\t\t\t\t<\/div>\n\n\t\t\t\n\t\t\t\t<div class=\"gs_logo_single--wrapper gs-filter-single-item rabatt-aktion hochzeit-eventplaner hochzeitsredner-in\">\n\t\t\t\t\t<div class=\"gs_logo_single\">\n\t\t\t\t\t\t\n\t\t\t\t\t\t<!-- Logo Image -->\n\t\t\t\t\t\t<a href=\"https:\/\/stefanieromano.de\/\" target=\"_blank\" rel=\"noopener\"><img loading=\"lazy\" decoding=\"async\" width=\"300\" height=\"300\" src=\"https:\/\/www.veranstalterei.com\/hochzeitsmesse-langenselbold\/wp-content\/uploads\/sites\/4\/2024\/09\/Logo_Romano_mitText-300x300.png\" class=\"default  gs-logo--img wp-post-image\" alt=\"\" title=\"Stefanie Romano\" srcset=\"https:\/\/www.veranstalterei.com\/hochzeitsmesse-langenselbold\/wp-content\/uploads\/sites\/4\/2024\/09\/Logo_Romano_mitText-300x300.png 300w, https:\/\/www.veranstalterei.com\/hochzeitsmesse-langenselbold\/wp-content\/uploads\/sites\/4\/2024\/09\/Logo_Romano_mitText-1024x1024.png 1024w, https:\/\/www.veranstalterei.com\/hochzeitsmesse-langenselbold\/wp-content\/uploads\/sites\/4\/2024\/09\/Logo_Romano_mitText-150x150.png 150w, https:\/\/www.veranstalterei.com\/hochzeitsmesse-langenselbold\/wp-content\/uploads\/sites\/4\/2024\/09\/Logo_Romano_mitText-768x768.png 768w, https:\/\/www.veranstalterei.com\/hochzeitsmesse-langenselbold\/wp-content\/uploads\/sites\/4\/2024\/09\/Logo_Romano_mitText-720x720.png 720w, https:\/\/www.veranstalterei.com\/hochzeitsmesse-langenselbold\/wp-content\/uploads\/sites\/4\/2024\/09\/Logo_Romano_mitText-1536x1536.png 1536w, https:\/\/www.veranstalterei.com\/hochzeitsmesse-langenselbold\/wp-content\/uploads\/sites\/4\/2024\/09\/Logo_Romano_mitText.png 1700w\" sizes=\"(max-width: 300px) 100vw, 300px\" data-id=\"5993\" \/> <\/a>\n\t\t\t\t\t\t<!-- Logo Title -->\n\t\t\t\t\t\t<h3 class=\"gs_logo_title\">Stefanie Romano<\/h3>\t\t\t\t\t\t\n\t\t\t\t\t\t<!-- Logo Category -->\n\t\t\t\t\t\t\n\t\t\t\t\t<\/div>\n\t\t\t\t<\/div>\n\n\t\t\t\n\t\t\t\t<div class=\"gs_logo_single--wrapper gs-filter-single-item juweliere\">\n\t\t\t\t\t<div class=\"gs_logo_single\">\n\t\t\t\t\t\t\n\t\t\t\t\t\t<!-- Logo Image -->\n\t\t\t\t\t\t<a href=\"http:\/\/www.verspoor-trauringe.de\" target=\"_blank\" rel=\"noopener\"><img loading=\"lazy\" decoding=\"async\" width=\"300\" height=\"300\" src=\"https:\/\/www.veranstalterei.com\/hochzeitsmesse-langenselbold\/wp-content\/uploads\/sites\/4\/2022\/07\/Verspoor_Logo-300x300.png\" class=\"default  gs-logo--img wp-post-image\" alt=\"\" title=\"Verspoor Trauringe\" srcset=\"https:\/\/www.veranstalterei.com\/hochzeitsmesse-langenselbold\/wp-content\/uploads\/sites\/4\/2022\/07\/Verspoor_Logo-300x300.png 300w, https:\/\/www.veranstalterei.com\/hochzeitsmesse-langenselbold\/wp-content\/uploads\/sites\/4\/2022\/07\/Verspoor_Logo-150x150.png 150w, https:\/\/www.veranstalterei.com\/hochzeitsmesse-langenselbold\/wp-content\/uploads\/sites\/4\/2022\/07\/Verspoor_Logo-768x768.png 768w, https:\/\/www.veranstalterei.com\/hochzeitsmesse-langenselbold\/wp-content\/uploads\/sites\/4\/2022\/07\/Verspoor_Logo-720x720.png 720w, https:\/\/www.veranstalterei.com\/hochzeitsmesse-langenselbold\/wp-content\/uploads\/sites\/4\/2022\/07\/Verspoor_Logo.png 1000w\" sizes=\"(max-width: 300px) 100vw, 300px\" data-id=\"5339\" \/> <img loading=\"lazy\" decoding=\"async\" width=\"300\" height=\"200\" src=\"https:\/\/www.veranstalterei.com\/hochzeitsmesse-langenselbold\/wp-content\/uploads\/sites\/4\/2022\/01\/Hochzeitsmesse-Ha-Frei-2022_26-Gross-300x200.jpg\" class=\"gs-flip-img\" alt=\"\" srcset=\"https:\/\/www.veranstalterei.com\/hochzeitsmesse-langenselbold\/wp-content\/uploads\/sites\/4\/2022\/01\/Hochzeitsmesse-Ha-Frei-2022_26-Gross-300x200.jpg 300w, https:\/\/www.veranstalterei.com\/hochzeitsmesse-langenselbold\/wp-content\/uploads\/sites\/4\/2022\/01\/Hochzeitsmesse-Ha-Frei-2022_26-Gross-1024x681.jpg 1024w, https:\/\/www.veranstalterei.com\/hochzeitsmesse-langenselbold\/wp-content\/uploads\/sites\/4\/2022\/01\/Hochzeitsmesse-Ha-Frei-2022_26-Gross-768x511.jpg 768w, https:\/\/www.veranstalterei.com\/hochzeitsmesse-langenselbold\/wp-content\/uploads\/sites\/4\/2022\/01\/Hochzeitsmesse-Ha-Frei-2022_26-Gross-1536x1022.jpg 1536w, https:\/\/www.veranstalterei.com\/hochzeitsmesse-langenselbold\/wp-content\/uploads\/sites\/4\/2022\/01\/Hochzeitsmesse-Ha-Frei-2022_26-Gross-1200x800.jpg 1200w, https:\/\/www.veranstalterei.com\/hochzeitsmesse-langenselbold\/wp-content\/uploads\/sites\/4\/2022\/01\/Hochzeitsmesse-Ha-Frei-2022_26-Gross.jpg 1623w\" sizes=\"(max-width: 300px) 100vw, 300px\" data-id=\"5395\" \/><\/a>\n\t\t\t\t\t\t<!-- Logo Title -->\n\t\t\t\t\t\t<h3 class=\"gs_logo_title\">Verspoor Trauringe<\/h3>\t\t\t\t\t\t\n\t\t\t\t\t\t<!-- Logo Category -->\n\t\t\t\t\t\t\n\t\t\t\t\t<\/div>\n\t\t\t\t<\/div>\n\n\t\t\t\n\t\t\t\t<div class=\"gs_logo_single--wrapper gs-filter-single-item barista torten\">\n\t\t\t\t\t<div class=\"gs_logo_single\">\n\t\t\t\t\t\t\n\t\t\t\t\t\t<!-- Logo Image -->\n\t\t\t\t\t\t<a href=\"https:\/\/www.instagram.com\/das.cafe.hueftgold\/\" target=\"_blank\" rel=\"noopener\"><img loading=\"lazy\" decoding=\"async\" width=\"291\" height=\"300\" src=\"https:\/\/www.veranstalterei.com\/hochzeitsmesse-langenselbold\/wp-content\/uploads\/sites\/4\/2024\/09\/Logo_CafeHueftgold-291x300.jpg\" class=\"default  gs-logo--img wp-post-image\" alt=\"\" title=\"Das Cafe H\u00fcftgold\" srcset=\"https:\/\/www.veranstalterei.com\/hochzeitsmesse-langenselbold\/wp-content\/uploads\/sites\/4\/2024\/09\/Logo_CafeHueftgold-291x300.jpg 291w, https:\/\/www.veranstalterei.com\/hochzeitsmesse-langenselbold\/wp-content\/uploads\/sites\/4\/2024\/09\/Logo_CafeHueftgold-993x1024.jpg 993w, https:\/\/www.veranstalterei.com\/hochzeitsmesse-langenselbold\/wp-content\/uploads\/sites\/4\/2024\/09\/Logo_CafeHueftgold-768x792.jpg 768w, https:\/\/www.veranstalterei.com\/hochzeitsmesse-langenselbold\/wp-content\/uploads\/sites\/4\/2024\/09\/Logo_CafeHueftgold-1490x1536.jpg 1490w, https:\/\/www.veranstalterei.com\/hochzeitsmesse-langenselbold\/wp-content\/uploads\/sites\/4\/2024\/09\/Logo_CafeHueftgold-1986x2048.jpg 1986w\" sizes=\"(max-width: 291px) 100vw, 291px\" data-id=\"6024\" \/> <\/a>\n\t\t\t\t\t\t<!-- Logo Title -->\n\t\t\t\t\t\t<h3 class=\"gs_logo_title\">Das Cafe H\u00fcftgold<\/h3>\t\t\t\t\t\t\n\t\t\t\t\t\t<!-- Logo Category -->\n\t\t\t\t\t\t\n\t\t\t\t\t<\/div>\n\t\t\t\t<\/div>\n\n\t\t\t\n\t\t\t\t<div class=\"gs_logo_single--wrapper gs-filter-single-item fotografie\">\n\t\t\t\t\t<div class=\"gs_logo_single\">\n\t\t\t\t\t\t\n\t\t\t\t\t\t<!-- Logo Image -->\n\t\t\t\t\t\t<a href=\"http:\/\/www.corinnaundmaik.de\" target=\"_blank\" rel=\"noopener\"><img loading=\"lazy\" decoding=\"async\" width=\"300\" height=\"300\" src=\"https:\/\/www.veranstalterei.com\/hochzeitsmesse-langenselbold\/wp-content\/uploads\/sites\/4\/2023\/07\/corinnaundmaik-logo-1024x1024_1-300x300.jpg\" class=\"default  gs-logo--img wp-post-image\" alt=\"\" title=\"Corinna &#038; Maik Fotografie\" srcset=\"https:\/\/www.veranstalterei.com\/hochzeitsmesse-langenselbold\/wp-content\/uploads\/sites\/4\/2023\/07\/corinnaundmaik-logo-1024x1024_1-300x300.jpg 300w, https:\/\/www.veranstalterei.com\/hochzeitsmesse-langenselbold\/wp-content\/uploads\/sites\/4\/2023\/07\/corinnaundmaik-logo-1024x1024_1-150x150.jpg 150w, https:\/\/www.veranstalterei.com\/hochzeitsmesse-langenselbold\/wp-content\/uploads\/sites\/4\/2023\/07\/corinnaundmaik-logo-1024x1024_1-768x768.jpg 768w, https:\/\/www.veranstalterei.com\/hochzeitsmesse-langenselbold\/wp-content\/uploads\/sites\/4\/2023\/07\/corinnaundmaik-logo-1024x1024_1-720x720.jpg 720w, https:\/\/www.veranstalterei.com\/hochzeitsmesse-langenselbold\/wp-content\/uploads\/sites\/4\/2023\/07\/corinnaundmaik-logo-1024x1024_1.jpg 1024w\" sizes=\"(max-width: 300px) 100vw, 300px\" data-id=\"5563\" \/> <img loading=\"lazy\" decoding=\"async\" width=\"300\" height=\"200\" src=\"https:\/\/www.veranstalterei.com\/hochzeitsmesse-langenselbold\/wp-content\/uploads\/sites\/4\/2023\/07\/Corinna-und-Maik-Fotografie_02-300x200.jpg\" class=\"gs-flip-img\" alt=\"\" srcset=\"https:\/\/www.veranstalterei.com\/hochzeitsmesse-langenselbold\/wp-content\/uploads\/sites\/4\/2023\/07\/Corinna-und-Maik-Fotografie_02-300x200.jpg 300w, https:\/\/www.veranstalterei.com\/hochzeitsmesse-langenselbold\/wp-content\/uploads\/sites\/4\/2023\/07\/Corinna-und-Maik-Fotografie_02-1024x683.jpg 1024w, https:\/\/www.veranstalterei.com\/hochzeitsmesse-langenselbold\/wp-content\/uploads\/sites\/4\/2023\/07\/Corinna-und-Maik-Fotografie_02-768x512.jpg 768w, https:\/\/www.veranstalterei.com\/hochzeitsmesse-langenselbold\/wp-content\/uploads\/sites\/4\/2023\/07\/Corinna-und-Maik-Fotografie_02-1536x1024.jpg 1536w, https:\/\/www.veranstalterei.com\/hochzeitsmesse-langenselbold\/wp-content\/uploads\/sites\/4\/2023\/07\/Corinna-und-Maik-Fotografie_02-1200x800.jpg 1200w, https:\/\/www.veranstalterei.com\/hochzeitsmesse-langenselbold\/wp-content\/uploads\/sites\/4\/2023\/07\/Corinna-und-Maik-Fotografie_02.jpg 1920w\" sizes=\"(max-width: 300px) 100vw, 300px\" data-id=\"5660\" \/><\/a>\n\t\t\t\t\t\t<!-- Logo Title -->\n\t\t\t\t\t\t<h3 class=\"gs_logo_title\">Corinna &#038; Maik Fotografie<\/h3>\t\t\t\t\t\t\n\t\t\t\t\t\t<!-- Logo Category -->\n\t\t\t\t\t\t\n\t\t\t\t\t<\/div>\n\t\t\t\t<\/div>\n\n\t\t\t\n\t\t\t\t<div class=\"gs_logo_single--wrapper gs-filter-single-item fotografie\">\n\t\t\t\t\t<div class=\"gs_logo_single\">\n\t\t\t\t\t\t\n\t\t\t\t\t\t<!-- Logo Image -->\n\t\t\t\t\t\t<a href=\"http:\/\/www.jonathan-meschke.de\" target=\"_blank\" rel=\"noopener\"><img loading=\"lazy\" decoding=\"async\" width=\"300\" height=\"300\" src=\"https:\/\/www.veranstalterei.com\/hochzeitsmesse-langenselbold\/wp-content\/uploads\/sites\/4\/2022\/07\/Jonathan_Meschke_Logo-300x300.png\" class=\"default  gs-logo--img wp-post-image\" alt=\"\" title=\"Jonathan Meschke\" srcset=\"https:\/\/www.veranstalterei.com\/hochzeitsmesse-langenselbold\/wp-content\/uploads\/sites\/4\/2022\/07\/Jonathan_Meschke_Logo-300x300.png 300w, https:\/\/www.veranstalterei.com\/hochzeitsmesse-langenselbold\/wp-content\/uploads\/sites\/4\/2022\/07\/Jonathan_Meschke_Logo-150x150.png 150w, https:\/\/www.veranstalterei.com\/hochzeitsmesse-langenselbold\/wp-content\/uploads\/sites\/4\/2022\/07\/Jonathan_Meschke_Logo-768x768.png 768w, https:\/\/www.veranstalterei.com\/hochzeitsmesse-langenselbold\/wp-content\/uploads\/sites\/4\/2022\/07\/Jonathan_Meschke_Logo-720x720.png 720w, https:\/\/www.veranstalterei.com\/hochzeitsmesse-langenselbold\/wp-content\/uploads\/sites\/4\/2022\/07\/Jonathan_Meschke_Logo.png 1000w\" sizes=\"(max-width: 300px) 100vw, 300px\" data-id=\"5323\" \/> <img loading=\"lazy\" decoding=\"async\" width=\"300\" height=\"200\" src=\"https:\/\/www.veranstalterei.com\/hochzeitsmesse-langenselbold\/wp-content\/uploads\/sites\/4\/2022\/01\/DSC_1151web-1-e1692381369577-300x200.jpg\" class=\"gs-flip-img\" alt=\"\" srcset=\"https:\/\/www.veranstalterei.com\/hochzeitsmesse-langenselbold\/wp-content\/uploads\/sites\/4\/2022\/01\/DSC_1151web-1-e1692381369577-300x200.jpg 300w, https:\/\/www.veranstalterei.com\/hochzeitsmesse-langenselbold\/wp-content\/uploads\/sites\/4\/2022\/01\/DSC_1151web-1-e1692381369577-1024x683.jpg 1024w, https:\/\/www.veranstalterei.com\/hochzeitsmesse-langenselbold\/wp-content\/uploads\/sites\/4\/2022\/01\/DSC_1151web-1-e1692381369577-768x512.jpg 768w, https:\/\/www.veranstalterei.com\/hochzeitsmesse-langenselbold\/wp-content\/uploads\/sites\/4\/2022\/01\/DSC_1151web-1-e1692381369577.jpg 1128w\" sizes=\"(max-width: 300px) 100vw, 300px\" data-id=\"5367\" \/><\/a>\n\t\t\t\t\t\t<!-- Logo Title -->\n\t\t\t\t\t\t<h3 class=\"gs_logo_title\">Jonathan Meschke<\/h3>\t\t\t\t\t\t\n\t\t\t\t\t\t<!-- Logo Category -->\n\t\t\t\t\t\t\n\t\t\t\t\t<\/div>\n\t\t\t\t<\/div>\n\n\t\t\t\n\t\t\t\t<div class=\"gs_logo_single--wrapper gs-filter-single-item caterer verkaufsanhaenger\">\n\t\t\t\t\t<div class=\"gs_logo_single\">\n\t\t\t\t\t\t\n\t\t\t\t\t\t<!-- Logo Image -->\n\t\t\t\t\t\t<a href=\"https:\/\/www.instagram.com\/was_willstn\/\" target=\"_blank\" rel=\"noopener\"><img loading=\"lazy\" decoding=\"async\" width=\"300\" height=\"300\" src=\"https:\/\/www.veranstalterei.com\/hochzeitsmesse-langenselbold\/wp-content\/uploads\/sites\/4\/2023\/07\/WasWillstn_Logo-300x300.png\" class=\"default  gs-logo--img wp-post-image\" alt=\"\" title=\"Was willst`n\" srcset=\"https:\/\/www.veranstalterei.com\/hochzeitsmesse-langenselbold\/wp-content\/uploads\/sites\/4\/2023\/07\/WasWillstn_Logo-300x300.png 300w, https:\/\/www.veranstalterei.com\/hochzeitsmesse-langenselbold\/wp-content\/uploads\/sites\/4\/2023\/07\/WasWillstn_Logo-1024x1024.png 1024w, https:\/\/www.veranstalterei.com\/hochzeitsmesse-langenselbold\/wp-content\/uploads\/sites\/4\/2023\/07\/WasWillstn_Logo-150x150.png 150w, https:\/\/www.veranstalterei.com\/hochzeitsmesse-langenselbold\/wp-content\/uploads\/sites\/4\/2023\/07\/WasWillstn_Logo-768x768.png 768w, https:\/\/www.veranstalterei.com\/hochzeitsmesse-langenselbold\/wp-content\/uploads\/sites\/4\/2023\/07\/WasWillstn_Logo-720x720.png 720w, https:\/\/www.veranstalterei.com\/hochzeitsmesse-langenselbold\/wp-content\/uploads\/sites\/4\/2023\/07\/WasWillstn_Logo.png 1500w\" sizes=\"(max-width: 300px) 100vw, 300px\" data-id=\"5572\" \/> <img loading=\"lazy\" decoding=\"async\" width=\"300\" height=\"200\" src=\"https:\/\/www.veranstalterei.com\/hochzeitsmesse-langenselbold\/wp-content\/uploads\/sites\/4\/2023\/07\/Was-Dreggisches-Gross-300x200.jpg\" class=\"gs-flip-img\" alt=\"\" srcset=\"https:\/\/www.veranstalterei.com\/hochzeitsmesse-langenselbold\/wp-content\/uploads\/sites\/4\/2023\/07\/Was-Dreggisches-Gross-300x200.jpg 300w, https:\/\/www.veranstalterei.com\/hochzeitsmesse-langenselbold\/wp-content\/uploads\/sites\/4\/2023\/07\/Was-Dreggisches-Gross-1024x683.jpg 1024w, https:\/\/www.veranstalterei.com\/hochzeitsmesse-langenselbold\/wp-content\/uploads\/sites\/4\/2023\/07\/Was-Dreggisches-Gross-768x512.jpg 768w, https:\/\/www.veranstalterei.com\/hochzeitsmesse-langenselbold\/wp-content\/uploads\/sites\/4\/2023\/07\/Was-Dreggisches-Gross-1536x1025.jpg 1536w, https:\/\/www.veranstalterei.com\/hochzeitsmesse-langenselbold\/wp-content\/uploads\/sites\/4\/2023\/07\/Was-Dreggisches-Gross-1200x800.jpg 1200w, https:\/\/www.veranstalterei.com\/hochzeitsmesse-langenselbold\/wp-content\/uploads\/sites\/4\/2023\/07\/Was-Dreggisches-Gross.jpg 1619w\" sizes=\"(max-width: 300px) 100vw, 300px\" data-id=\"5573\" \/><\/a>\n\t\t\t\t\t\t<!-- Logo Title -->\n\t\t\t\t\t\t<h3 class=\"gs_logo_title\">Was willst`n<\/h3>\t\t\t\t\t\t\n\t\t\t\t\t\t<!-- Logo Category -->\n\t\t\t\t\t\t\n\t\t\t\t\t<\/div>\n\t\t\t\t<\/div>\n\n\t\t\t\n\t\t\t\t<div class=\"gs_logo_single--wrapper gs-filter-single-item rabatt-aktion barista verkaufsanhaenger\">\n\t\t\t\t\t<div class=\"gs_logo_single\">\n\t\t\t\t\t\t\n\t\t\t\t\t\t<!-- Logo Image -->\n\t\t\t\t\t\t<img loading=\"lazy\" decoding=\"async\" width=\"300\" height=\"300\" src=\"https:\/\/www.veranstalterei.com\/hochzeitsmesse-langenselbold\/wp-content\/uploads\/sites\/4\/2024\/08\/Logo_Eiscafe-Monti-300x300.png\" class=\"default  gs-logo--img wp-post-image\" alt=\"\" title=\"Eiscafe Monti\" srcset=\"https:\/\/www.veranstalterei.com\/hochzeitsmesse-langenselbold\/wp-content\/uploads\/sites\/4\/2024\/08\/Logo_Eiscafe-Monti-300x300.png 300w, https:\/\/www.veranstalterei.com\/hochzeitsmesse-langenselbold\/wp-content\/uploads\/sites\/4\/2024\/08\/Logo_Eiscafe-Monti-1024x1024.png 1024w, https:\/\/www.veranstalterei.com\/hochzeitsmesse-langenselbold\/wp-content\/uploads\/sites\/4\/2024\/08\/Logo_Eiscafe-Monti-150x150.png 150w, https:\/\/www.veranstalterei.com\/hochzeitsmesse-langenselbold\/wp-content\/uploads\/sites\/4\/2024\/08\/Logo_Eiscafe-Monti-768x768.png 768w, https:\/\/www.veranstalterei.com\/hochzeitsmesse-langenselbold\/wp-content\/uploads\/sites\/4\/2024\/08\/Logo_Eiscafe-Monti-720x720.png 720w, https:\/\/www.veranstalterei.com\/hochzeitsmesse-langenselbold\/wp-content\/uploads\/sites\/4\/2024\/08\/Logo_Eiscafe-Monti.png 1528w\" sizes=\"(max-width: 300px) 100vw, 300px\" data-id=\"5877\" \/>\n\t\t\t\t\t\t<!-- Logo Title -->\n\t\t\t\t\t\t<h3 class=\"gs_logo_title\">Eiscafe Monti<\/h3>\t\t\t\t\t\t\n\t\t\t\t\t\t<!-- Logo Category -->\n\t\t\t\t\t\t\n\t\t\t\t\t<\/div>\n\t\t\t\t<\/div>\n\n\t\t\t\n\t\t\t\t<div class=\"gs_logo_single--wrapper gs-filter-single-item juweliere\">\n\t\t\t\t\t<div class=\"gs_logo_single\">\n\t\t\t\t\t\t\n\t\t\t\t\t\t<!-- Logo Image -->\n\t\t\t\t\t\t<a href=\"http:\/\/edle-zierde.de\" target=\"_blank\" rel=\"noopener\"><img loading=\"lazy\" decoding=\"async\" width=\"300\" height=\"300\" src=\"https:\/\/www.veranstalterei.com\/hochzeitsmesse-langenselbold\/wp-content\/uploads\/sites\/4\/2023\/07\/logo_edlezierde-300x300.jpeg\" class=\"default  gs-logo--img wp-post-image\" alt=\"\" title=\"Goldschmiede Edle Zierde\" srcset=\"https:\/\/www.veranstalterei.com\/hochzeitsmesse-langenselbold\/wp-content\/uploads\/sites\/4\/2023\/07\/logo_edlezierde-300x300.jpeg 300w, https:\/\/www.veranstalterei.com\/hochzeitsmesse-langenselbold\/wp-content\/uploads\/sites\/4\/2023\/07\/logo_edlezierde-1024x1024.jpeg 1024w, https:\/\/www.veranstalterei.com\/hochzeitsmesse-langenselbold\/wp-content\/uploads\/sites\/4\/2023\/07\/logo_edlezierde-150x150.jpeg 150w, https:\/\/www.veranstalterei.com\/hochzeitsmesse-langenselbold\/wp-content\/uploads\/sites\/4\/2023\/07\/logo_edlezierde-768x768.jpeg 768w, https:\/\/www.veranstalterei.com\/hochzeitsmesse-langenselbold\/wp-content\/uploads\/sites\/4\/2023\/07\/logo_edlezierde-720x720.jpeg 720w, https:\/\/www.veranstalterei.com\/hochzeitsmesse-langenselbold\/wp-content\/uploads\/sites\/4\/2023\/07\/logo_edlezierde.jpeg 1500w\" sizes=\"(max-width: 300px) 100vw, 300px\" data-id=\"5567\" \/> <img loading=\"lazy\" decoding=\"async\" width=\"200\" height=\"300\" src=\"https:\/\/www.veranstalterei.com\/hochzeitsmesse-langenselbold\/wp-content\/uploads\/sites\/4\/2023\/07\/Bearb_7138-Gross-200x300.jpg\" class=\"gs-flip-img\" alt=\"\" srcset=\"https:\/\/www.veranstalterei.com\/hochzeitsmesse-langenselbold\/wp-content\/uploads\/sites\/4\/2023\/07\/Bearb_7138-Gross-200x300.jpg 200w, https:\/\/www.veranstalterei.com\/hochzeitsmesse-langenselbold\/wp-content\/uploads\/sites\/4\/2023\/07\/Bearb_7138-Gross-683x1024.jpg 683w, https:\/\/www.veranstalterei.com\/hochzeitsmesse-langenselbold\/wp-content\/uploads\/sites\/4\/2023\/07\/Bearb_7138-Gross.jpg 720w\" sizes=\"(max-width: 200px) 100vw, 200px\" data-id=\"5604\" \/><\/a>\n\t\t\t\t\t\t<!-- Logo Title -->\n\t\t\t\t\t\t<h3 class=\"gs_logo_title\">Goldschmiede Edle Zierde<\/h3>\t\t\t\t\t\t\n\t\t\t\t\t\t<!-- Logo Category -->\n\t\t\t\t\t\t\n\t\t\t\t\t<\/div>\n\t\t\t\t<\/div>\n\n\t\t\t\n\t\t\t\t<div class=\"gs_logo_single--wrapper gs-filter-single-item rabatt-aktion kosmetik sonstiges\">\n\t\t\t\t\t<div class=\"gs_logo_single\">\n\t\t\t\t\t\t\n\t\t\t\t\t\t<!-- Logo Image -->\n\t\t\t\t\t\t<a href=\"https:\/\/heike-evert.ringana.com\/\" target=\"_blank\" rel=\"noopener\"><img loading=\"lazy\" decoding=\"async\" width=\"300\" height=\"300\" src=\"https:\/\/www.veranstalterei.com\/hochzeitsmesse-langenselbold\/wp-content\/uploads\/sites\/4\/2024\/09\/Logo-Heike-Evert-I-RINGANA-300x300.png\" class=\"default  gs-logo--img wp-post-image\" alt=\"\" title=\"Naturheilpraxis Heike Evert I RINGANA Partner\" srcset=\"https:\/\/www.veranstalterei.com\/hochzeitsmesse-langenselbold\/wp-content\/uploads\/sites\/4\/2024\/09\/Logo-Heike-Evert-I-RINGANA-300x300.png 300w, https:\/\/www.veranstalterei.com\/hochzeitsmesse-langenselbold\/wp-content\/uploads\/sites\/4\/2024\/09\/Logo-Heike-Evert-I-RINGANA-150x150.png 150w, https:\/\/www.veranstalterei.com\/hochzeitsmesse-langenselbold\/wp-content\/uploads\/sites\/4\/2024\/09\/Logo-Heike-Evert-I-RINGANA.png 500w\" sizes=\"(max-width: 300px) 100vw, 300px\" data-id=\"6036\" \/> <img loading=\"lazy\" decoding=\"async\" width=\"300\" height=\"300\" src=\"https:\/\/www.veranstalterei.com\/hochzeitsmesse-langenselbold\/wp-content\/uploads\/sites\/4\/2024\/09\/Heike-Evert_Bild-fuer-hinter-das-Logo-300x300.png\" class=\"gs-flip-img\" alt=\"\" srcset=\"https:\/\/www.veranstalterei.com\/hochzeitsmesse-langenselbold\/wp-content\/uploads\/sites\/4\/2024\/09\/Heike-Evert_Bild-fuer-hinter-das-Logo-300x300.png 300w, https:\/\/www.veranstalterei.com\/hochzeitsmesse-langenselbold\/wp-content\/uploads\/sites\/4\/2024\/09\/Heike-Evert_Bild-fuer-hinter-das-Logo-1024x1024.png 1024w, https:\/\/www.veranstalterei.com\/hochzeitsmesse-langenselbold\/wp-content\/uploads\/sites\/4\/2024\/09\/Heike-Evert_Bild-fuer-hinter-das-Logo-150x150.png 150w, https:\/\/www.veranstalterei.com\/hochzeitsmesse-langenselbold\/wp-content\/uploads\/sites\/4\/2024\/09\/Heike-Evert_Bild-fuer-hinter-das-Logo-768x768.png 768w, https:\/\/www.veranstalterei.com\/hochzeitsmesse-langenselbold\/wp-content\/uploads\/sites\/4\/2024\/09\/Heike-Evert_Bild-fuer-hinter-das-Logo-720x720.png 720w, https:\/\/www.veranstalterei.com\/hochzeitsmesse-langenselbold\/wp-content\/uploads\/sites\/4\/2024\/09\/Heike-Evert_Bild-fuer-hinter-das-Logo.png 1080w\" sizes=\"(max-width: 300px) 100vw, 300px\" data-id=\"6037\" \/><\/a>\n\t\t\t\t\t\t<!-- Logo Title -->\n\t\t\t\t\t\t<h3 class=\"gs_logo_title\">Naturheilpraxis Heike Evert I RINGANA Partner<\/h3>\t\t\t\t\t\t\n\t\t\t\t\t\t<!-- Logo Category -->\n\t\t\t\t\t\t\n\t\t\t\t\t<\/div>\n\t\t\t\t<\/div>\n\n\t\t\t\n\t\t\t\t<div class=\"gs_logo_single--wrapper gs-filter-single-item sonstiges\">\n\t\t\t\t\t<div class=\"gs_logo_single\">\n\t\t\t\t\t\t\n\t\t\t\t\t\t<!-- Logo Image -->\n\t\t\t\t\t\t<a href=\"http:\/\/weinhandel-feuerundwein.de\" target=\"_blank\" rel=\"noopener\"><img loading=\"lazy\" decoding=\"async\" width=\"300\" height=\"298\" src=\"https:\/\/www.veranstalterei.com\/hochzeitsmesse-langenselbold\/wp-content\/uploads\/sites\/4\/2024\/09\/Logo_Alessandro-Schmidt-300x298.jpg\" class=\"default  gs-logo--img wp-post-image\" alt=\"\" title=\"Alessandro Schmidt &#8211; Weinhandel\" srcset=\"https:\/\/www.veranstalterei.com\/hochzeitsmesse-langenselbold\/wp-content\/uploads\/sites\/4\/2024\/09\/Logo_Alessandro-Schmidt-300x298.jpg 300w, https:\/\/www.veranstalterei.com\/hochzeitsmesse-langenselbold\/wp-content\/uploads\/sites\/4\/2024\/09\/Logo_Alessandro-Schmidt-1024x1019.jpg 1024w, https:\/\/www.veranstalterei.com\/hochzeitsmesse-langenselbold\/wp-content\/uploads\/sites\/4\/2024\/09\/Logo_Alessandro-Schmidt-150x150.jpg 150w, https:\/\/www.veranstalterei.com\/hochzeitsmesse-langenselbold\/wp-content\/uploads\/sites\/4\/2024\/09\/Logo_Alessandro-Schmidt-768x764.jpg 768w, https:\/\/www.veranstalterei.com\/hochzeitsmesse-langenselbold\/wp-content\/uploads\/sites\/4\/2024\/09\/Logo_Alessandro-Schmidt.jpg 1151w\" sizes=\"(max-width: 300px) 100vw, 300px\" data-id=\"5983\" \/> <\/a>\n\t\t\t\t\t\t<!-- Logo Title -->\n\t\t\t\t\t\t<h3 class=\"gs_logo_title\">Alessandro Schmidt &#8211; Weinhandel<\/h3>\t\t\t\t\t\t\n\t\t\t\t\t\t<!-- Logo Category -->\n\t\t\t\t\t\t\n\t\t\t\t\t<\/div>\n\t\t\t\t<\/div>\n\n\t\t\t\n\t\t\t\t<div class=\"gs_logo_single--wrapper gs-filter-single-item styling\">\n\t\t\t\t\t<div class=\"gs_logo_single\">\n\t\t\t\t\t\t\n\t\t\t\t\t\t<!-- Logo Image -->\n\t\t\t\t\t\t<a href=\"https:\/\/www.marykay.de\/carinagross\" target=\"_blank\" rel=\"noopener\"><img loading=\"lazy\" decoding=\"async\" width=\"300\" height=\"300\" src=\"https:\/\/www.veranstalterei.com\/hochzeitsmesse-langenselbold\/wp-content\/uploads\/sites\/4\/2024\/08\/Logo_Carina-Gross-300x300.jpg\" class=\"default  gs-logo--img wp-post-image\" alt=\"\" title=\"Carina Gro\u00df\" srcset=\"https:\/\/www.veranstalterei.com\/hochzeitsmesse-langenselbold\/wp-content\/uploads\/sites\/4\/2024\/08\/Logo_Carina-Gross-300x300.jpg 300w, https:\/\/www.veranstalterei.com\/hochzeitsmesse-langenselbold\/wp-content\/uploads\/sites\/4\/2024\/08\/Logo_Carina-Gross-1024x1024.jpg 1024w, https:\/\/www.veranstalterei.com\/hochzeitsmesse-langenselbold\/wp-content\/uploads\/sites\/4\/2024\/08\/Logo_Carina-Gross-150x150.jpg 150w, https:\/\/www.veranstalterei.com\/hochzeitsmesse-langenselbold\/wp-content\/uploads\/sites\/4\/2024\/08\/Logo_Carina-Gross-768x768.jpg 768w, https:\/\/www.veranstalterei.com\/hochzeitsmesse-langenselbold\/wp-content\/uploads\/sites\/4\/2024\/08\/Logo_Carina-Gross-720x720.jpg 720w, https:\/\/www.veranstalterei.com\/hochzeitsmesse-langenselbold\/wp-content\/uploads\/sites\/4\/2024\/08\/Logo_Carina-Gross-1536x1536.jpg 1536w, https:\/\/www.veranstalterei.com\/hochzeitsmesse-langenselbold\/wp-content\/uploads\/sites\/4\/2024\/08\/Logo_Carina-Gross.jpg 2008w\" sizes=\"(max-width: 300px) 100vw, 300px\" data-id=\"5886\" \/> <img loading=\"lazy\" decoding=\"async\" width=\"169\" height=\"300\" src=\"https:\/\/www.veranstalterei.com\/hochzeitsmesse-langenselbold\/wp-content\/uploads\/sites\/4\/2024\/08\/20230915_103800-169x300.jpg\" class=\"gs-flip-img\" alt=\"\" srcset=\"https:\/\/www.veranstalterei.com\/hochzeitsmesse-langenselbold\/wp-content\/uploads\/sites\/4\/2024\/08\/20230915_103800-169x300.jpg 169w, https:\/\/www.veranstalterei.com\/hochzeitsmesse-langenselbold\/wp-content\/uploads\/sites\/4\/2024\/08\/20230915_103800-577x1024.jpg 577w, https:\/\/www.veranstalterei.com\/hochzeitsmesse-langenselbold\/wp-content\/uploads\/sites\/4\/2024\/08\/20230915_103800-768x1364.jpg 768w, https:\/\/www.veranstalterei.com\/hochzeitsmesse-langenselbold\/wp-content\/uploads\/sites\/4\/2024\/08\/20230915_103800-865x1536.jpg 865w, https:\/\/www.veranstalterei.com\/hochzeitsmesse-langenselbold\/wp-content\/uploads\/sites\/4\/2024\/08\/20230915_103800-1153x2048.jpg 1153w, https:\/\/www.veranstalterei.com\/hochzeitsmesse-langenselbold\/wp-content\/uploads\/sites\/4\/2024\/08\/20230915_103800-scaled.jpg 1441w\" sizes=\"(max-width: 169px) 100vw, 169px\" data-id=\"5888\" \/><\/a>\n\t\t\t\t\t\t<!-- Logo Title -->\n\t\t\t\t\t\t<h3 class=\"gs_logo_title\">Carina Gro\u00df<\/h3>\t\t\t\t\t\t\n\t\t\t\t\t\t<!-- Logo Category -->\n\t\t\t\t\t\t\n\t\t\t\t\t<\/div>\n\t\t\t\t<\/div>\n\n\t\t\t\n\t\t\t\t<div class=\"gs_logo_single--wrapper gs-filter-single-item rabatt-aktion finanzen\">\n\t\t\t\t\t<div class=\"gs_logo_single\">\n\t\t\t\t\t\t\n\t\t\t\t\t\t<!-- Logo Image -->\n\t\t\t\t\t\t<a href=\"http:\/\/www.swisslife-select.de\/kevin-lehr\" target=\"_blank\" rel=\"noopener\"><img loading=\"lazy\" decoding=\"async\" width=\"300\" height=\"300\" src=\"https:\/\/www.veranstalterei.com\/hochzeitsmesse-langenselbold\/wp-content\/uploads\/sites\/4\/2023\/08\/SwissLife-select-300x300.png\" class=\"default  gs-logo--img wp-post-image\" alt=\"\" title=\"SwissLife\" srcset=\"https:\/\/www.veranstalterei.com\/hochzeitsmesse-langenselbold\/wp-content\/uploads\/sites\/4\/2023\/08\/SwissLife-select-300x300.png 300w, https:\/\/www.veranstalterei.com\/hochzeitsmesse-langenselbold\/wp-content\/uploads\/sites\/4\/2023\/08\/SwissLife-select-150x150.png 150w, https:\/\/www.veranstalterei.com\/hochzeitsmesse-langenselbold\/wp-content\/uploads\/sites\/4\/2023\/08\/SwissLife-select.png 480w\" sizes=\"(max-width: 300px) 100vw, 300px\" data-id=\"5732\" \/> <\/a>\n\t\t\t\t\t\t<!-- Logo Title -->\n\t\t\t\t\t\t<h3 class=\"gs_logo_title\">SwissLife<\/h3>\t\t\t\t\t\t\n\t\t\t\t\t\t<!-- Logo Category -->\n\t\t\t\t\t\t\n\t\t\t\t\t<\/div>\n\t\t\t\t<\/div>\n\n\t\t\t\n\t\t\t\t<div class=\"gs_logo_single--wrapper gs-filter-single-item djs\">\n\t\t\t\t\t<div class=\"gs_logo_single\">\n\t\t\t\t\t\t\n\t\t\t\t\t\t<!-- Logo Image -->\n\t\t\t\t\t\t<a href=\"http:\/\/www.chrissgroove.de\" target=\"_blank\" rel=\"noopener\"><img loading=\"lazy\" decoding=\"async\" width=\"300\" height=\"300\" src=\"https:\/\/www.veranstalterei.com\/hochzeitsmesse-langenselbold\/wp-content\/uploads\/sites\/4\/2022\/07\/chriss-groove_Logo-300x300.jpg\" class=\"default  gs-logo--img wp-post-image\" alt=\"\" title=\"Chriss Groove\" srcset=\"https:\/\/www.veranstalterei.com\/hochzeitsmesse-langenselbold\/wp-content\/uploads\/sites\/4\/2022\/07\/chriss-groove_Logo-300x300.jpg 300w, https:\/\/www.veranstalterei.com\/hochzeitsmesse-langenselbold\/wp-content\/uploads\/sites\/4\/2022\/07\/chriss-groove_Logo-150x150.jpg 150w, https:\/\/www.veranstalterei.com\/hochzeitsmesse-langenselbold\/wp-content\/uploads\/sites\/4\/2022\/07\/chriss-groove_Logo-768x768.jpg 768w, https:\/\/www.veranstalterei.com\/hochzeitsmesse-langenselbold\/wp-content\/uploads\/sites\/4\/2022\/07\/chriss-groove_Logo-720x720.jpg 720w, https:\/\/www.veranstalterei.com\/hochzeitsmesse-langenselbold\/wp-content\/uploads\/sites\/4\/2022\/07\/chriss-groove_Logo.jpg 1000w\" sizes=\"(max-width: 300px) 100vw, 300px\" data-id=\"5311\" \/> <img loading=\"lazy\" decoding=\"async\" width=\"276\" height=\"300\" src=\"https:\/\/www.veranstalterei.com\/hochzeitsmesse-langenselbold\/wp-content\/uploads\/sites\/4\/2022\/07\/IMG-20210203-WA0041-276x300.jpg\" class=\"gs-flip-img\" alt=\"\" srcset=\"https:\/\/www.veranstalterei.com\/hochzeitsmesse-langenselbold\/wp-content\/uploads\/sites\/4\/2022\/07\/IMG-20210203-WA0041-276x300.jpg 276w, https:\/\/www.veranstalterei.com\/hochzeitsmesse-langenselbold\/wp-content\/uploads\/sites\/4\/2022\/07\/IMG-20210203-WA0041-942x1024.jpg 942w, https:\/\/www.veranstalterei.com\/hochzeitsmesse-langenselbold\/wp-content\/uploads\/sites\/4\/2022\/07\/IMG-20210203-WA0041-768x835.jpg 768w, https:\/\/www.veranstalterei.com\/hochzeitsmesse-langenselbold\/wp-content\/uploads\/sites\/4\/2022\/07\/IMG-20210203-WA0041-1413x1536.jpg 1413w, https:\/\/www.veranstalterei.com\/hochzeitsmesse-langenselbold\/wp-content\/uploads\/sites\/4\/2022\/07\/IMG-20210203-WA0041.jpg 1472w\" sizes=\"(max-width: 276px) 100vw, 276px\" data-id=\"5476\" \/><\/a>\n\t\t\t\t\t\t<!-- Logo Title -->\n\t\t\t\t\t\t<h3 class=\"gs_logo_title\">Chriss Groove<\/h3>\t\t\t\t\t\t\n\t\t\t\t\t\t<!-- Logo Category -->\n\t\t\t\t\t\t\n\t\t\t\t\t<\/div>\n\t\t\t\t<\/div>\n\n\t\t\t\n\t\t\t\t<div class=\"gs_logo_single--wrapper gs-filter-single-item herrenausstatter\">\n\t\t\t\t\t<div class=\"gs_logo_single\">\n\t\t\t\t\t\t\n\t\t\t\t\t\t<!-- Logo Image -->\n\t\t\t\t\t\t<a href=\"http:\/\/www.birkhoven.com\" target=\"_blank\" rel=\"noopener\"><img loading=\"lazy\" decoding=\"async\" width=\"300\" height=\"300\" src=\"https:\/\/www.veranstalterei.com\/hochzeitsmesse-langenselbold\/wp-content\/uploads\/sites\/4\/2022\/07\/BIRKHOVEN_Logo_schwarz-300x300.png\" class=\"default  gs-logo--img wp-post-image\" alt=\"\" title=\"Birkhoven &#8211; Atelier Pfeiffer\" srcset=\"https:\/\/www.veranstalterei.com\/hochzeitsmesse-langenselbold\/wp-content\/uploads\/sites\/4\/2022\/07\/BIRKHOVEN_Logo_schwarz-300x300.png 300w, https:\/\/www.veranstalterei.com\/hochzeitsmesse-langenselbold\/wp-content\/uploads\/sites\/4\/2022\/07\/BIRKHOVEN_Logo_schwarz-150x150.png 150w, https:\/\/www.veranstalterei.com\/hochzeitsmesse-langenselbold\/wp-content\/uploads\/sites\/4\/2022\/07\/BIRKHOVEN_Logo_schwarz-768x768.png 768w, https:\/\/www.veranstalterei.com\/hochzeitsmesse-langenselbold\/wp-content\/uploads\/sites\/4\/2022\/07\/BIRKHOVEN_Logo_schwarz-720x720.png 720w, https:\/\/www.veranstalterei.com\/hochzeitsmesse-langenselbold\/wp-content\/uploads\/sites\/4\/2022\/07\/BIRKHOVEN_Logo_schwarz.png 1000w\" sizes=\"(max-width: 300px) 100vw, 300px\" data-id=\"5306\" \/> <\/a>\n\t\t\t\t\t\t<!-- Logo Title -->\n\t\t\t\t\t\t<h3 class=\"gs_logo_title\">Birkhoven &#8211; Atelier Pfeiffer<\/h3>\t\t\t\t\t\t\n\t\t\t\t\t\t<!-- Logo Category -->\n\t\t\t\t\t\t\n\t\t\t\t\t<\/div>\n\t\t\t\t<\/div>\n\n\t\t\t\n\t\t\t\t<div class=\"gs_logo_single--wrapper gs-filter-single-item fotografie\">\n\t\t\t\t\t<div class=\"gs_logo_single\">\n\t\t\t\t\t\t\n\t\t\t\t\t\t<!-- Logo Image -->\n\t\t\t\t\t\t<a href=\"https:\/\/www.tatjanaspieker.de\/\" target=\"_blank\" rel=\"noopener\"><img loading=\"lazy\" decoding=\"async\" width=\"300\" height=\"300\" src=\"https:\/\/www.veranstalterei.com\/hochzeitsmesse-langenselbold\/wp-content\/uploads\/sites\/4\/2024\/08\/Logo_Tatjana-Spieker-300x300.png\" class=\"default  gs-logo--img wp-post-image\" alt=\"\" title=\"Tatjana Spieker Photograpy\" srcset=\"https:\/\/www.veranstalterei.com\/hochzeitsmesse-langenselbold\/wp-content\/uploads\/sites\/4\/2024\/08\/Logo_Tatjana-Spieker-300x300.png 300w, https:\/\/www.veranstalterei.com\/hochzeitsmesse-langenselbold\/wp-content\/uploads\/sites\/4\/2024\/08\/Logo_Tatjana-Spieker-1024x1024.png 1024w, https:\/\/www.veranstalterei.com\/hochzeitsmesse-langenselbold\/wp-content\/uploads\/sites\/4\/2024\/08\/Logo_Tatjana-Spieker-150x150.png 150w, https:\/\/www.veranstalterei.com\/hochzeitsmesse-langenselbold\/wp-content\/uploads\/sites\/4\/2024\/08\/Logo_Tatjana-Spieker-768x768.png 768w, https:\/\/www.veranstalterei.com\/hochzeitsmesse-langenselbold\/wp-content\/uploads\/sites\/4\/2024\/08\/Logo_Tatjana-Spieker-720x720.png 720w, https:\/\/www.veranstalterei.com\/hochzeitsmesse-langenselbold\/wp-content\/uploads\/sites\/4\/2024\/08\/Logo_Tatjana-Spieker.png 1280w\" sizes=\"(max-width: 300px) 100vw, 300px\" data-id=\"5863\" \/> <img loading=\"lazy\" decoding=\"async\" width=\"200\" height=\"300\" src=\"https:\/\/www.veranstalterei.com\/hochzeitsmesse-langenselbold\/wp-content\/uploads\/sites\/4\/2024\/08\/IMG_1042-200x300.jpeg\" class=\"gs-flip-img\" alt=\"\" srcset=\"https:\/\/www.veranstalterei.com\/hochzeitsmesse-langenselbold\/wp-content\/uploads\/sites\/4\/2024\/08\/IMG_1042-200x300.jpeg 200w, https:\/\/www.veranstalterei.com\/hochzeitsmesse-langenselbold\/wp-content\/uploads\/sites\/4\/2024\/08\/IMG_1042-682x1024.jpeg 682w, https:\/\/www.veranstalterei.com\/hochzeitsmesse-langenselbold\/wp-content\/uploads\/sites\/4\/2024\/08\/IMG_1042-768x1152.jpeg 768w, https:\/\/www.veranstalterei.com\/hochzeitsmesse-langenselbold\/wp-content\/uploads\/sites\/4\/2024\/08\/IMG_1042.jpeg 853w\" sizes=\"(max-width: 200px) 100vw, 200px\" data-id=\"5862\" \/><\/a>\n\t\t\t\t\t\t<!-- Logo Title -->\n\t\t\t\t\t\t<h3 class=\"gs_logo_title\">Tatjana Spieker Photograpy<\/h3>\t\t\t\t\t\t\n\t\t\t\t\t\t<!-- Logo Category -->\n\t\t\t\t\t\t\n\t\t\t\t\t<\/div>\n\t\t\t\t<\/div>\n\n\t\t\t\n\t\t\t\t<div class=\"gs_logo_single--wrapper gs-filter-single-item rabatt-aktion fotografie\">\n\t\t\t\t\t<div class=\"gs_logo_single\">\n\t\t\t\t\t\t\n\t\t\t\t\t\t<!-- Logo Image -->\n\t\t\t\t\t\t<a href=\"http:\/\/www.byjulski.com\" target=\"_blank\" rel=\"noopener\"><img loading=\"lazy\" decoding=\"async\" width=\"300\" height=\"300\" src=\"https:\/\/www.veranstalterei.com\/hochzeitsmesse-langenselbold\/wp-content\/uploads\/sites\/4\/2024\/08\/Logo_Fotografie_byjulski-300x300.png\" class=\"default  gs-logo--img wp-post-image\" alt=\"\" title=\"Fotografie byJulski\" srcset=\"https:\/\/www.veranstalterei.com\/hochzeitsmesse-langenselbold\/wp-content\/uploads\/sites\/4\/2024\/08\/Logo_Fotografie_byjulski-300x300.png 300w, https:\/\/www.veranstalterei.com\/hochzeitsmesse-langenselbold\/wp-content\/uploads\/sites\/4\/2024\/08\/Logo_Fotografie_byjulski-150x150.png 150w, https:\/\/www.veranstalterei.com\/hochzeitsmesse-langenselbold\/wp-content\/uploads\/sites\/4\/2024\/08\/Logo_Fotografie_byjulski-768x767.png 768w, https:\/\/www.veranstalterei.com\/hochzeitsmesse-langenselbold\/wp-content\/uploads\/sites\/4\/2024\/08\/Logo_Fotografie_byjulski-720x720.png 720w, https:\/\/www.veranstalterei.com\/hochzeitsmesse-langenselbold\/wp-content\/uploads\/sites\/4\/2024\/08\/Logo_Fotografie_byjulski.png 864w\" sizes=\"(max-width: 300px) 100vw, 300px\" data-id=\"5826\" \/> <img loading=\"lazy\" decoding=\"async\" width=\"200\" height=\"300\" src=\"https:\/\/www.veranstalterei.com\/hochzeitsmesse-langenselbold\/wp-content\/uploads\/sites\/4\/2024\/08\/2023-Fotografin_Julski14-200x300.jpg\" class=\"gs-flip-img\" alt=\"\" srcset=\"https:\/\/www.veranstalterei.com\/hochzeitsmesse-langenselbold\/wp-content\/uploads\/sites\/4\/2024\/08\/2023-Fotografin_Julski14-200x300.jpg 200w, https:\/\/www.veranstalterei.com\/hochzeitsmesse-langenselbold\/wp-content\/uploads\/sites\/4\/2024\/08\/2023-Fotografin_Julski14-683x1024.jpg 683w, https:\/\/www.veranstalterei.com\/hochzeitsmesse-langenselbold\/wp-content\/uploads\/sites\/4\/2024\/08\/2023-Fotografin_Julski14-768x1152.jpg 768w, https:\/\/www.veranstalterei.com\/hochzeitsmesse-langenselbold\/wp-content\/uploads\/sites\/4\/2024\/08\/2023-Fotografin_Julski14-1024x1536.jpg 1024w, https:\/\/www.veranstalterei.com\/hochzeitsmesse-langenselbold\/wp-content\/uploads\/sites\/4\/2024\/08\/2023-Fotografin_Julski14-1365x2048.jpg 1365w, https:\/\/www.veranstalterei.com\/hochzeitsmesse-langenselbold\/wp-content\/uploads\/sites\/4\/2024\/08\/2023-Fotografin_Julski14-scaled.jpg 1707w\" sizes=\"(max-width: 200px) 100vw, 200px\" data-id=\"5815\" \/><\/a>\n\t\t\t\t\t\t<!-- Logo Title -->\n\t\t\t\t\t\t<h3 class=\"gs_logo_title\">Fotografie byJulski<\/h3>\t\t\t\t\t\t\n\t\t\t\t\t\t<!-- Logo Category -->\n\t\t\t\t\t\t\n\t\t\t\t\t<\/div>\n\t\t\t\t<\/div>\n\n\t\t\t\n\t\t\t\t<div class=\"gs_logo_single--wrapper gs-filter-single-item ballons dekoration-verleih\">\n\t\t\t\t\t<div class=\"gs_logo_single\">\n\t\t\t\t\t\t\n\t\t\t\t\t\t<!-- Logo Image -->\n\t\t\t\t\t\t<a href=\"https:\/\/www.instagram.com\/deko_blank_made_by_lea\/\" target=\"_blank\" rel=\"noopener\"><img loading=\"lazy\" decoding=\"async\" width=\"300\" height=\"300\" src=\"https:\/\/www.veranstalterei.com\/hochzeitsmesse-langenselbold\/wp-content\/uploads\/sites\/4\/2024\/09\/Logo_DekoBlank-300x300.jpg\" class=\"default  gs-logo--img wp-post-image\" alt=\"\" title=\"Deko Blank\" srcset=\"https:\/\/www.veranstalterei.com\/hochzeitsmesse-langenselbold\/wp-content\/uploads\/sites\/4\/2024\/09\/Logo_DekoBlank-300x300.jpg 300w, https:\/\/www.veranstalterei.com\/hochzeitsmesse-langenselbold\/wp-content\/uploads\/sites\/4\/2024\/09\/Logo_DekoBlank-1024x1024.jpg 1024w, https:\/\/www.veranstalterei.com\/hochzeitsmesse-langenselbold\/wp-content\/uploads\/sites\/4\/2024\/09\/Logo_DekoBlank-150x150.jpg 150w, https:\/\/www.veranstalterei.com\/hochzeitsmesse-langenselbold\/wp-content\/uploads\/sites\/4\/2024\/09\/Logo_DekoBlank-768x768.jpg 768w, https:\/\/www.veranstalterei.com\/hochzeitsmesse-langenselbold\/wp-content\/uploads\/sites\/4\/2024\/09\/Logo_DekoBlank-720x720.jpg 720w, https:\/\/www.veranstalterei.com\/hochzeitsmesse-langenselbold\/wp-content\/uploads\/sites\/4\/2024\/09\/Logo_DekoBlank.jpg 1500w\" sizes=\"(max-width: 300px) 100vw, 300px\" data-id=\"5999\" \/> <img loading=\"lazy\" decoding=\"async\" width=\"225\" height=\"300\" src=\"https:\/\/www.veranstalterei.com\/hochzeitsmesse-langenselbold\/wp-content\/uploads\/sites\/4\/2024\/09\/PHOTO-2024-09-10-17-50-43-225x300.jpg\" class=\"gs-flip-img\" alt=\"\" srcset=\"https:\/\/www.veranstalterei.com\/hochzeitsmesse-langenselbold\/wp-content\/uploads\/sites\/4\/2024\/09\/PHOTO-2024-09-10-17-50-43-225x300.jpg 225w, https:\/\/www.veranstalterei.com\/hochzeitsmesse-langenselbold\/wp-content\/uploads\/sites\/4\/2024\/09\/PHOTO-2024-09-10-17-50-43-768x1024.jpg 768w, https:\/\/www.veranstalterei.com\/hochzeitsmesse-langenselbold\/wp-content\/uploads\/sites\/4\/2024\/09\/PHOTO-2024-09-10-17-50-43-1152x1536.jpg 1152w, https:\/\/www.veranstalterei.com\/hochzeitsmesse-langenselbold\/wp-content\/uploads\/sites\/4\/2024\/09\/PHOTO-2024-09-10-17-50-43.jpg 1200w\" sizes=\"(max-width: 225px) 100vw, 225px\" data-id=\"6004\" \/><\/a>\n\t\t\t\t\t\t<!-- Logo Title -->\n\t\t\t\t\t\t<h3 class=\"gs_logo_title\">Deko Blank<\/h3>\t\t\t\t\t\t\n\t\t\t\t\t\t<!-- Logo Category -->\n\t\t\t\t\t\t\n\t\t\t\t\t<\/div>\n\t\t\t\t<\/div>\n\n\t\t\t\n\t\t\t\t<div class=\"gs_logo_single--wrapper gs-filter-single-item hochzeitsredner-in\">\n\t\t\t\t\t<div class=\"gs_logo_single\">\n\t\t\t\t\t\t\n\t\t\t\t\t\t<!-- Logo Image -->\n\t\t\t\t\t\t<a href=\"http:\/\/www.liebesreden.com\" target=\"_blank\" rel=\"noopener\"><img loading=\"lazy\" decoding=\"async\" width=\"300\" height=\"240\" src=\"https:\/\/www.veranstalterei.com\/hochzeitsmesse-langenselbold\/wp-content\/uploads\/sites\/4\/2023\/08\/Logo_Liebesreden-300x240.jpeg\" class=\"default  gs-logo--img wp-post-image\" alt=\"\" title=\"Liebesreden by Annalena Klein\" srcset=\"https:\/\/www.veranstalterei.com\/hochzeitsmesse-langenselbold\/wp-content\/uploads\/sites\/4\/2023\/08\/Logo_Liebesreden-300x240.jpeg 300w, https:\/\/www.veranstalterei.com\/hochzeitsmesse-langenselbold\/wp-content\/uploads\/sites\/4\/2023\/08\/Logo_Liebesreden-768x615.jpeg 768w, https:\/\/www.veranstalterei.com\/hochzeitsmesse-langenselbold\/wp-content\/uploads\/sites\/4\/2023\/08\/Logo_Liebesreden.jpeg 803w\" sizes=\"(max-width: 300px) 100vw, 300px\" data-id=\"5751\" \/> <\/a>\n\t\t\t\t\t\t<!-- Logo Title -->\n\t\t\t\t\t\t<h3 class=\"gs_logo_title\">Liebesreden by Annalena Klein<\/h3>\t\t\t\t\t\t\n\t\t\t\t\t\t<!-- Logo Category -->\n\t\t\t\t\t\t\n\t\t\t\t\t<\/div>\n\t\t\t\t<\/div>\n\n\t\t\t\n\t\t\t\t<div class=\"gs_logo_single--wrapper gs-filter-single-item cocktails\">\n\t\t\t\t\t<div class=\"gs_logo_single\">\n\t\t\t\t\t\t\n\t\t\t\t\t\t<!-- Logo Image -->\n\t\t\t\t\t\t<img loading=\"lazy\" decoding=\"async\" width=\"300\" height=\"300\" src=\"https:\/\/www.veranstalterei.com\/hochzeitsmesse-langenselbold\/wp-content\/uploads\/sites\/4\/2024\/09\/Logo_Cocktail-300x300.jpg\" class=\"default  gs-logo--img wp-post-image\" alt=\"\" title=\"Cocktails and Bartenders\" srcset=\"https:\/\/www.veranstalterei.com\/hochzeitsmesse-langenselbold\/wp-content\/uploads\/sites\/4\/2024\/09\/Logo_Cocktail-300x300.jpg 300w, https:\/\/www.veranstalterei.com\/hochzeitsmesse-langenselbold\/wp-content\/uploads\/sites\/4\/2024\/09\/Logo_Cocktail-150x150.jpg 150w, https:\/\/www.veranstalterei.com\/hochzeitsmesse-langenselbold\/wp-content\/uploads\/sites\/4\/2024\/09\/Logo_Cocktail-768x768.jpg 768w, https:\/\/www.veranstalterei.com\/hochzeitsmesse-langenselbold\/wp-content\/uploads\/sites\/4\/2024\/09\/Logo_Cocktail-720x720.jpg 720w, https:\/\/www.veranstalterei.com\/hochzeitsmesse-langenselbold\/wp-content\/uploads\/sites\/4\/2024\/09\/Logo_Cocktail.jpg 900w\" sizes=\"(max-width: 300px) 100vw, 300px\" data-id=\"5997\" \/>\n\t\t\t\t\t\t<!-- Logo Title -->\n\t\t\t\t\t\t<h3 class=\"gs_logo_title\">Cocktails and Bartenders<\/h3>\t\t\t\t\t\t\n\t\t\t\t\t\t<!-- Logo Category -->\n\t\t\t\t\t\t\n\t\t\t\t\t<\/div>\n\t\t\t\t<\/div>\n\n\t\t\t\n\t\t\t\t<div class=\"gs_logo_single--wrapper gs-filter-single-item rabatt-aktion dekoration-verleih eventmoebel veranstaltungsservice\">\n\t\t\t\t\t<div class=\"gs_logo_single\">\n\t\t\t\t\t\t\n\t\t\t\t\t\t<!-- Logo Image -->\n\t\t\t\t\t\t<a href=\"http:\/\/www.vermieterei.de\" target=\"_blank\" rel=\"noopener\"><img loading=\"lazy\" decoding=\"async\" width=\"300\" height=\"300\" src=\"https:\/\/www.veranstalterei.com\/hochzeitsmesse-langenselbold\/wp-content\/uploads\/sites\/4\/2022\/07\/Vermieterei_Logo-300x300.png\" class=\"default  gs-logo--img wp-post-image\" alt=\"\" title=\"Vermieterei\" srcset=\"https:\/\/www.veranstalterei.com\/hochzeitsmesse-langenselbold\/wp-content\/uploads\/sites\/4\/2022\/07\/Vermieterei_Logo-300x300.png 300w, https:\/\/www.veranstalterei.com\/hochzeitsmesse-langenselbold\/wp-content\/uploads\/sites\/4\/2022\/07\/Vermieterei_Logo-150x150.png 150w, https:\/\/www.veranstalterei.com\/hochzeitsmesse-langenselbold\/wp-content\/uploads\/sites\/4\/2022\/07\/Vermieterei_Logo.png 700w\" sizes=\"(max-width: 300px) 100vw, 300px\" data-id=\"5338\" \/> <\/a>\n\t\t\t\t\t\t<!-- Logo Title -->\n\t\t\t\t\t\t<h3 class=\"gs_logo_title\">Vermieterei<\/h3>\t\t\t\t\t\t\n\t\t\t\t\t\t<!-- Logo Category -->\n\t\t\t\t\t\t\n\t\t\t\t\t<\/div>\n\t\t\t\t<\/div>\n\n\t\t\t\t\t\t\n\t\t\n\t<\/div>\n\n<\/div>\t\t\t<\/div>\n\t\t<\/div>\n\t\n\t\t<style>#gs_logo_area_1:not(.verticaltickerdown):not(.verticalticker) .gs_logo_container{margin-left:-5px}#gs_logo_area_1:not(.verticaltickerdown):not(.verticalticker) .gs_logo_container{margin-right:-5px}#gs_logo_area_1:not(.verticaltickerdown):not(.verticalticker) .gs_logo_single--wrapper{padding:5px}#gs_logo_area_1 ul.gs-logo-filter-cats{text-align:center!important}#gs_logo_area_1 .gs_logo_single--wrapper{width:25%}@media (max-width:1023px){#gs_logo_area_1 .gs_logo_single--wrapper{width:33.333333333333%}}@media (max-width:767px){#gs_logo_area_1 .gs_logo_single--wrapper{width:50%}}<\/style>[\/vc_column][\/vc_row][vc_row tm_bgimagefixed=&#8221;&#8221; disable_element=&#8221;yes&#8221;][vc_column]<div class=\"tm-element-heading-wrapper tm-heading-inner tm-element-align-left tm-seperator-none tm-heading-style-vertical tm-overlay-subheading\"><section class=\"tm-vc_cta3-container\"><div class=\"tm-vc_general tm-vc_cta3 tm-cta3-only tm-vc_cta3-style-classic tm-vc_cta3-shape-rounded tm-vc_cta3-align-left tm-vc_cta3-color-transparent tm-vc_cta3-icon-size-md tm-vc_cta3-actions-no tm-cta3-with-desc\"><div class=\"tm-vc_cta3_content-container\"><div class=\"tm-vc_cta3-content\"><header class=\"tm-vc_cta3-content-header tm-wrap\"><div class=\"tm-vc_cta3-headers tm-wrap-cell\"><h4 class=\"tm-custom-heading \" >Spart bei euren Hochzeitsvorbereitungen und gewinnt gro\u00dfartige Preise!<\/h4>\n<h2 class=\"tm-custom-heading \" >Exklusive Rabattaktionen &amp; Gewinnspiele auf der Hochzeitsmesse<\/h2>\n<\/div><div class=\"heading-seperator\"><span><\/span><\/div><\/header><div class=\"tm-cta3-content-wrapper\"><p>Freut euch auf exklusive Rabatte und spannende Gewinnspiele unserer Aussteller auf der Hochzeitsmesse! Profitiert von einmaligen Angeboten und Aktionen direkt vor Ort. Au\u00dferdem k\u00f6nnt ihr bei unseren Gewinnspielen wertvolle Preise f\u00fcr eure Hochzeit gewinnen. Nutzt die Gelegenheit, um eure Hochzeitsplanung noch unvergesslicher zu gestalten<\/p><\/div><\/div><\/div><\/div><\/section><\/div> <!-- .tm-element-heading-wrapper container --> \t\n\t\t<div id=\"gs_logo_area_3\" class=\"gs_logo_area gs_logo_area_3 table1\" style=\"opacity: 0; visibility: hidden;\">\n\t\t\t<div class=\"gs_logo_area--inner\">\n\t\n\t\t\t\t\n<div class=\"gs_logo_container gs-logos-table gs_logo_table1\">\n\n\t\n\t\t<!-- Logo Table Header -->\n\t\t\n<div class=\"gs-logos-table-row gsc-table-head\">\n    <div class=\"gs-logos-table-cell\"><\/div>\n    <div class=\"gs-logos-table-cell\">Aussteller<\/div>\n    <div class=\"gs-logos-table-cell\">Messeaktion<\/div>\n<\/div>\n\t\t\n\t\t\t<div class=\"gs-logos-table-row\">\n\n\t\t\t\t<!-- Logo Image -->\n\t\t\t\t<div class=\"gs-logos-table-cell gsc-image\">\n\t\t\t\t\t<a href=\"https:\/\/heike-evert.ringana.com\/\" target=\"_blank\" rel=\"noopener\"><img loading=\"lazy\" decoding=\"async\" width=\"150\" height=\"150\" src=\"https:\/\/www.veranstalterei.com\/hochzeitsmesse-langenselbold\/wp-content\/uploads\/sites\/4\/2024\/09\/Logo-Heike-Evert-I-RINGANA-150x150.png\" class=\"default  gs-logo--img wp-post-image\" alt=\"\" title=\"Naturheilpraxis Heike Evert I RINGANA Partner\" srcset=\"https:\/\/www.veranstalterei.com\/hochzeitsmesse-langenselbold\/wp-content\/uploads\/sites\/4\/2024\/09\/Logo-Heike-Evert-I-RINGANA-150x150.png 150w, https:\/\/www.veranstalterei.com\/hochzeitsmesse-langenselbold\/wp-content\/uploads\/sites\/4\/2024\/09\/Logo-Heike-Evert-I-RINGANA-300x300.png 300w, https:\/\/www.veranstalterei.com\/hochzeitsmesse-langenselbold\/wp-content\/uploads\/sites\/4\/2024\/09\/Logo-Heike-Evert-I-RINGANA.png 500w\" sizes=\"(max-width: 150px) 100vw, 150px\" data-id=\"6036\" \/> <\/a>\t\t\t\t<\/div>\n\n\t\t\t\t<!-- Logo Title -->\n\t\t\t\t<div class=\"gs-logos-table-cell gsc-name\">\n\t\t\t\t\t<h3 class=\"gs_logo_title\">Naturheilpraxis Heike Evert I RINGANA Partner<\/h3>\t\t\t\t<\/div>\n\n\t\t\t\t<!-- Logo Details -->\n\t\t\t\t<div class=\"gs-logos-table-cell gsc-desc\">\n\t\t\t\t\t\n<div class=\"gs-logo-details justify\"><div class=\"wpb-content-wrapper\"><p>[vc_row][vc_column][vc_column_text]Am Messestand erwartet euch ein Lostopf f\u00fcr tolle Gewinne,<br \/>\ndarunter als Hauptpreise die kostenfreie Zusendung eines dieser RINGANA HONEYMOON-Must haves:<\/p>\n<p>CAPS beauty &amp; hair (Haare &amp; N\u00e4gel)<br \/>\nI CAPS hydro (Unterst\u00fctzung Blasengesundheit)<br \/>\nI CAPS moodo (Innere Balance)<br \/>\nI CAPS fem (Hormonbalance)<br \/>\nI CAPS mascu (m\u00e4nnliche Vitalit\u00e4t)<\/p>\n<p>Die Gewinner werden pers\u00f6nlich per Mail benachrichtigt.[\/vc_column_text][\/vc_column][\/vc_row]<\/p>\n<\/div><\/div>\t\t\t\t<\/div>\n\n\t\t\t<\/div>\n\n\t\t\n\t\t\t<div class=\"gs-logos-table-row\">\n\n\t\t\t\t<!-- Logo Image -->\n\t\t\t\t<div class=\"gs-logos-table-cell gsc-image\">\n\t\t\t\t\t<a href=\"http:\/\/www.gg-m-c.de\" target=\"_blank\" rel=\"noopener\"><img loading=\"lazy\" decoding=\"async\" width=\"150\" height=\"150\" src=\"https:\/\/www.veranstalterei.com\/hochzeitsmesse-langenselbold\/wp-content\/uploads\/sites\/4\/2024\/09\/Logo_GG-Medical-150x150.png\" class=\"default  gs-logo--img wp-post-image\" alt=\"\" title=\"GG medical cosmetics\" srcset=\"https:\/\/www.veranstalterei.com\/hochzeitsmesse-langenselbold\/wp-content\/uploads\/sites\/4\/2024\/09\/Logo_GG-Medical-150x150.png 150w, https:\/\/www.veranstalterei.com\/hochzeitsmesse-langenselbold\/wp-content\/uploads\/sites\/4\/2024\/09\/Logo_GG-Medical-300x300.png 300w, https:\/\/www.veranstalterei.com\/hochzeitsmesse-langenselbold\/wp-content\/uploads\/sites\/4\/2024\/09\/Logo_GG-Medical.png 500w\" sizes=\"(max-width: 150px) 100vw, 150px\" data-id=\"6031\" \/> <\/a>\t\t\t\t<\/div>\n\n\t\t\t\t<!-- Logo Title -->\n\t\t\t\t<div class=\"gs-logos-table-cell gsc-name\">\n\t\t\t\t\t<h3 class=\"gs_logo_title\">GG medical cosmetics<\/h3>\t\t\t\t<\/div>\n\n\t\t\t\t<!-- Logo Details -->\n\t\t\t\t<div class=\"gs-logos-table-cell gsc-desc\">\n\t\t\t\t\t\n<div class=\"gs-logo-details justify\"><div class=\"wpb-content-wrapper\"><p>[vc_row][vc_column][vc_column_text]Bei einer Terminbuchung im Zusammenhang mit der Messe erh\u00e4ltst du <strong>10 % Rabatt auf<br \/>\n<\/strong><strong>deine erste Behandlung<\/strong> und <strong>20 % auf deine erste Kurbehandlung<\/strong>!<br \/>\nZus\u00e4tzlich warten noch weitere Rabatte am Messestand auf dich.[\/vc_column_text][\/vc_column][\/vc_row]<\/p>\n<\/div><\/div>\t\t\t\t<\/div>\n\n\t\t\t<\/div>\n\n\t\t\n\t\t\t<div class=\"gs-logos-table-row\">\n\n\t\t\t\t<!-- Logo Image -->\n\t\t\t\t<div class=\"gs-logos-table-cell gsc-image\">\n\t\t\t\t\t<a href=\"https:\/\/stefanieromano.de\/\" target=\"_blank\" rel=\"noopener\"><img loading=\"lazy\" decoding=\"async\" width=\"150\" height=\"150\" src=\"https:\/\/www.veranstalterei.com\/hochzeitsmesse-langenselbold\/wp-content\/uploads\/sites\/4\/2024\/09\/Logo_Romano_mitText-150x150.png\" class=\"default  gs-logo--img wp-post-image\" alt=\"\" title=\"Stefanie Romano\" srcset=\"https:\/\/www.veranstalterei.com\/hochzeitsmesse-langenselbold\/wp-content\/uploads\/sites\/4\/2024\/09\/Logo_Romano_mitText-150x150.png 150w, https:\/\/www.veranstalterei.com\/hochzeitsmesse-langenselbold\/wp-content\/uploads\/sites\/4\/2024\/09\/Logo_Romano_mitText-300x300.png 300w, https:\/\/www.veranstalterei.com\/hochzeitsmesse-langenselbold\/wp-content\/uploads\/sites\/4\/2024\/09\/Logo_Romano_mitText-1024x1024.png 1024w, https:\/\/www.veranstalterei.com\/hochzeitsmesse-langenselbold\/wp-content\/uploads\/sites\/4\/2024\/09\/Logo_Romano_mitText-768x768.png 768w, https:\/\/www.veranstalterei.com\/hochzeitsmesse-langenselbold\/wp-content\/uploads\/sites\/4\/2024\/09\/Logo_Romano_mitText-720x720.png 720w, https:\/\/www.veranstalterei.com\/hochzeitsmesse-langenselbold\/wp-content\/uploads\/sites\/4\/2024\/09\/Logo_Romano_mitText-1536x1536.png 1536w, https:\/\/www.veranstalterei.com\/hochzeitsmesse-langenselbold\/wp-content\/uploads\/sites\/4\/2024\/09\/Logo_Romano_mitText.png 1700w\" sizes=\"(max-width: 150px) 100vw, 150px\" data-id=\"5993\" \/> <\/a>\t\t\t\t<\/div>\n\n\t\t\t\t<!-- Logo Title -->\n\t\t\t\t<div class=\"gs-logos-table-cell gsc-name\">\n\t\t\t\t\t<h3 class=\"gs_logo_title\">Stefanie Romano<\/h3>\t\t\t\t<\/div>\n\n\t\t\t\t<!-- Logo Details -->\n\t\t\t\t<div class=\"gs-logos-table-cell gsc-desc\">\n\t\t\t\t\t\n<div class=\"gs-logo-details justify\"><div class=\"wpb-content-wrapper\"><p>[vc_row][vc_column][vc_column_text]Unsere freie Traurednerin Stefanie Romano bietet euch einen Messerabatt von 100 \u20ac,<br \/>\nwenn ihr eure Zeremonie bis zum 31. Oktober 2024 bei ihr bucht.[\/vc_column_text][\/vc_column][\/vc_row]<\/p>\n<\/div><\/div>\t\t\t\t<\/div>\n\n\t\t\t<\/div>\n\n\t\t\n\t\t\t<div class=\"gs-logos-table-row\">\n\n\t\t\t\t<!-- Logo Image -->\n\t\t\t\t<div class=\"gs-logos-table-cell gsc-image\">\n\t\t\t\t\t<a href=\"https:\/\/www.instagram.com\/cut_n_drive\" target=\"_blank\" rel=\"noopener\"><img loading=\"lazy\" decoding=\"async\" width=\"150\" height=\"150\" src=\"https:\/\/www.veranstalterei.com\/hochzeitsmesse-langenselbold\/wp-content\/uploads\/sites\/4\/2024\/09\/Logo_Cutndrive-150x150.png\" class=\"default  gs-logo--img wp-post-image\" alt=\"\" title=\"Cut`n Drive &#8211; Mobiles Haarstudio\" srcset=\"https:\/\/www.veranstalterei.com\/hochzeitsmesse-langenselbold\/wp-content\/uploads\/sites\/4\/2024\/09\/Logo_Cutndrive-150x150.png 150w, https:\/\/www.veranstalterei.com\/hochzeitsmesse-langenselbold\/wp-content\/uploads\/sites\/4\/2024\/09\/Logo_Cutndrive-300x300.png 300w, https:\/\/www.veranstalterei.com\/hochzeitsmesse-langenselbold\/wp-content\/uploads\/sites\/4\/2024\/09\/Logo_Cutndrive-768x768.png 768w, https:\/\/www.veranstalterei.com\/hochzeitsmesse-langenselbold\/wp-content\/uploads\/sites\/4\/2024\/09\/Logo_Cutndrive-720x720.png 720w, https:\/\/www.veranstalterei.com\/hochzeitsmesse-langenselbold\/wp-content\/uploads\/sites\/4\/2024\/09\/Logo_Cutndrive.png 1000w\" sizes=\"(max-width: 150px) 100vw, 150px\" data-id=\"5988\" \/> <\/a>\t\t\t\t<\/div>\n\n\t\t\t\t<!-- Logo Title -->\n\t\t\t\t<div class=\"gs-logos-table-cell gsc-name\">\n\t\t\t\t\t<h3 class=\"gs_logo_title\">Cut`n Drive &#8211; Mobiles Haarstudio<\/h3>\t\t\t\t<\/div>\n\n\t\t\t\t<!-- Logo Details -->\n\t\t\t\t<div class=\"gs-logos-table-cell gsc-desc\">\n\t\t\t\t\t\n<div class=\"gs-logo-details justify\"><div class=\"wpb-content-wrapper\"><p>[vc_row][vc_column][vc_column_text]Bei Terminbuchung an der Hochzeitsmesse 10 % Rabatt auf das Brautstyling.[\/vc_column_text][\/vc_column][\/vc_row]<\/p>\n<\/div><\/div>\t\t\t\t<\/div>\n\n\t\t\t<\/div>\n\n\t\t\n\t\t\t<div class=\"gs-logos-table-row\">\n\n\t\t\t\t<!-- Logo Image -->\n\t\t\t\t<div class=\"gs-logos-table-cell gsc-image\">\n\t\t\t\t\t<a href=\"https:\/\/www.instagram.com\/lz_zeltebau\/\" target=\"_blank\" rel=\"noopener\"><img loading=\"lazy\" decoding=\"async\" width=\"150\" height=\"150\" src=\"https:\/\/www.veranstalterei.com\/hochzeitsmesse-langenselbold\/wp-content\/uploads\/sites\/4\/2024\/09\/Logo_LZ-Zelte-150x150.jpg\" class=\"default  gs-logo--img wp-post-image\" alt=\"\" title=\"LZ-Zelte\" srcset=\"https:\/\/www.veranstalterei.com\/hochzeitsmesse-langenselbold\/wp-content\/uploads\/sites\/4\/2024\/09\/Logo_LZ-Zelte-150x150.jpg 150w, https:\/\/www.veranstalterei.com\/hochzeitsmesse-langenselbold\/wp-content\/uploads\/sites\/4\/2024\/09\/Logo_LZ-Zelte-720x720.jpg 720w\" sizes=\"(max-width: 150px) 100vw, 150px\" data-id=\"6034\" \/> <\/a>\t\t\t\t<\/div>\n\n\t\t\t\t<!-- Logo Title -->\n\t\t\t\t<div class=\"gs-logos-table-cell gsc-name\">\n\t\t\t\t\t<h3 class=\"gs_logo_title\">LZ-Zelte<\/h3>\t\t\t\t<\/div>\n\n\t\t\t\t<!-- Logo Details -->\n\t\t\t\t<div class=\"gs-logos-table-cell gsc-desc\">\n\t\t\t\t\t\n<div class=\"gs-logo-details justify\"><div class=\"wpb-content-wrapper\"><p>[vc_row][vc_column][vc_column_text]Am Messestand erwartet euch ein Gl\u00fccksrad mit einer Vielzahl an tollen Gewinnen,<br \/>\ndarunter unter anderem eine kostenlose Miete f\u00fcr die Zeltbeleuchtung![\/vc_column_text][\/vc_column][\/vc_row]<\/p>\n<\/div><\/div>\t\t\t\t<\/div>\n\n\t\t\t<\/div>\n\n\t\t\n\t\t\t<div class=\"gs-logos-table-row\">\n\n\t\t\t\t<!-- Logo Image -->\n\t\t\t\t<div class=\"gs-logos-table-cell gsc-image\">\n\t\t\t\t\t<a href=\"https:\/\/www.instagram.com\/nowaste_gmbh\/\" target=\"_blank\" rel=\"noopener\"><img loading=\"lazy\" decoding=\"async\" width=\"150\" height=\"150\" src=\"https:\/\/www.veranstalterei.com\/hochzeitsmesse-langenselbold\/wp-content\/uploads\/sites\/4\/2024\/09\/Logo_Nowaste-150x150.png\" class=\"default  gs-logo--img wp-post-image\" alt=\"\" title=\"Nowaste\" srcset=\"https:\/\/www.veranstalterei.com\/hochzeitsmesse-langenselbold\/wp-content\/uploads\/sites\/4\/2024\/09\/Logo_Nowaste-150x150.png 150w, https:\/\/www.veranstalterei.com\/hochzeitsmesse-langenselbold\/wp-content\/uploads\/sites\/4\/2024\/09\/Logo_Nowaste-300x300.png 300w, https:\/\/www.veranstalterei.com\/hochzeitsmesse-langenselbold\/wp-content\/uploads\/sites\/4\/2024\/09\/Logo_Nowaste-1024x1024.png 1024w, https:\/\/www.veranstalterei.com\/hochzeitsmesse-langenselbold\/wp-content\/uploads\/sites\/4\/2024\/09\/Logo_Nowaste-768x768.png 768w, https:\/\/www.veranstalterei.com\/hochzeitsmesse-langenselbold\/wp-content\/uploads\/sites\/4\/2024\/09\/Logo_Nowaste-720x720.png 720w, https:\/\/www.veranstalterei.com\/hochzeitsmesse-langenselbold\/wp-content\/uploads\/sites\/4\/2024\/09\/Logo_Nowaste-1536x1536.png 1536w, https:\/\/www.veranstalterei.com\/hochzeitsmesse-langenselbold\/wp-content\/uploads\/sites\/4\/2024\/09\/Logo_Nowaste-2048x2048.png 2048w\" sizes=\"(max-width: 150px) 100vw, 150px\" data-id=\"5979\" \/> <\/a>\t\t\t\t<\/div>\n\n\t\t\t\t<!-- Logo Title -->\n\t\t\t\t<div class=\"gs-logos-table-cell gsc-name\">\n\t\t\t\t\t<h3 class=\"gs_logo_title\">Nowaste<\/h3>\t\t\t\t<\/div>\n\n\t\t\t\t<!-- Logo Details -->\n\t\t\t\t<div class=\"gs-logos-table-cell gsc-desc\">\n\t\t\t\t\t\n<div class=\"gs-logo-details justify\"><div class=\"wpb-content-wrapper\"><p>[vc_row][vc_column][vc_column_text]10 % Messerabatt bei Bestellung von min. 100 indviduell bedruckten treecup Mehrwegbechern*<br \/>\n&#8211; *auf den Nettoauftragswert[\/vc_column_text][\/vc_column][\/vc_row]<\/p>\n<\/div><\/div>\t\t\t\t<\/div>\n\n\t\t\t<\/div>\n\n\t\t\n\t\t\t<div class=\"gs-logos-table-row\">\n\n\t\t\t\t<!-- Logo Image -->\n\t\t\t\t<div class=\"gs-logos-table-cell gsc-image\">\n\t\t\t\t\t<a href=\"http:\/\/www.spitzenliebe.de\" target=\"_blank\" rel=\"noopener\"><img loading=\"lazy\" decoding=\"async\" width=\"150\" height=\"150\" src=\"https:\/\/www.veranstalterei.com\/hochzeitsmesse-langenselbold\/wp-content\/uploads\/sites\/4\/2022\/07\/SpitzenLiebe_Logo-150x150.png\" class=\"default  gs-logo--img wp-post-image\" alt=\"\" title=\"SpitzenLiebe\" srcset=\"https:\/\/www.veranstalterei.com\/hochzeitsmesse-langenselbold\/wp-content\/uploads\/sites\/4\/2022\/07\/SpitzenLiebe_Logo-150x150.png 150w, https:\/\/www.veranstalterei.com\/hochzeitsmesse-langenselbold\/wp-content\/uploads\/sites\/4\/2022\/07\/SpitzenLiebe_Logo-300x300.png 300w, https:\/\/www.veranstalterei.com\/hochzeitsmesse-langenselbold\/wp-content\/uploads\/sites\/4\/2022\/07\/SpitzenLiebe_Logo-768x768.png 768w, https:\/\/www.veranstalterei.com\/hochzeitsmesse-langenselbold\/wp-content\/uploads\/sites\/4\/2022\/07\/SpitzenLiebe_Logo-720x720.png 720w, https:\/\/www.veranstalterei.com\/hochzeitsmesse-langenselbold\/wp-content\/uploads\/sites\/4\/2022\/07\/SpitzenLiebe_Logo.png 1000w\" sizes=\"(max-width: 150px) 100vw, 150px\" data-id=\"5330\" \/> <\/a>\t\t\t\t<\/div>\n\n\t\t\t\t<!-- Logo Title -->\n\t\t\t\t<div class=\"gs-logos-table-cell gsc-name\">\n\t\t\t\t\t<h3 class=\"gs_logo_title\">SpitzenLiebe<\/h3>\t\t\t\t<\/div>\n\n\t\t\t\t<!-- Logo Details -->\n\t\t\t\t<div class=\"gs-logos-table-cell gsc-desc\">\n\t\t\t\t\t\n<div class=\"gs-logo-details justify\"><div class=\"wpb-content-wrapper\"><p>[vc_row][vc_column][vc_column_text]Das Team von Spitzenliebe ist wieder mit seinem Gl\u00fccksrad vor Ort, und ihr habt die Chance,<br \/>\ngro\u00dfartige Preise zu gewinnen![\/vc_column_text][\/vc_column][\/vc_row]<\/p>\n<\/div><\/div>\t\t\t\t<\/div>\n\n\t\t\t<\/div>\n\n\t\t\n\t\t\t<div class=\"gs-logos-table-row\">\n\n\t\t\t\t<!-- Logo Image -->\n\t\t\t\t<div class=\"gs-logos-table-cell gsc-image\">\n\t\t\t\t\t<a href=\"http:\/\/www.vermieterei.de\" target=\"_blank\" rel=\"noopener\"><img loading=\"lazy\" decoding=\"async\" width=\"150\" height=\"150\" src=\"https:\/\/www.veranstalterei.com\/hochzeitsmesse-langenselbold\/wp-content\/uploads\/sites\/4\/2022\/07\/Vermieterei_Logo-150x150.png\" class=\"default  gs-logo--img wp-post-image\" alt=\"\" title=\"Vermieterei\" srcset=\"https:\/\/www.veranstalterei.com\/hochzeitsmesse-langenselbold\/wp-content\/uploads\/sites\/4\/2022\/07\/Vermieterei_Logo-150x150.png 150w, https:\/\/www.veranstalterei.com\/hochzeitsmesse-langenselbold\/wp-content\/uploads\/sites\/4\/2022\/07\/Vermieterei_Logo-300x300.png 300w, https:\/\/www.veranstalterei.com\/hochzeitsmesse-langenselbold\/wp-content\/uploads\/sites\/4\/2022\/07\/Vermieterei_Logo.png 700w\" sizes=\"(max-width: 150px) 100vw, 150px\" data-id=\"5338\" \/> <\/a>\t\t\t\t<\/div>\n\n\t\t\t\t<!-- Logo Title -->\n\t\t\t\t<div class=\"gs-logos-table-cell gsc-name\">\n\t\t\t\t\t<h3 class=\"gs_logo_title\">Vermieterei<\/h3>\t\t\t\t<\/div>\n\n\t\t\t\t<!-- Logo Details -->\n\t\t\t\t<div class=\"gs-logos-table-cell gsc-desc\">\n\t\t\t\t\t\n<div class=\"gs-logo-details justify\"><div class=\"wpb-content-wrapper\"><p>[vc_row][vc_column][vc_column_text]Du erh\u00e4ltst 10 % Rabatt auf buchbare Fotoboxen, Audio-G\u00e4steb\u00fccher, Eventm\u00f6bel und Dekorationsartikel,<br \/>\nwenn du einen Beratungstermin auf der Messe vereinbarst oder nachtr\u00e4glich einen Messegutschein<br \/>\nder Vermieterei vorlegst.[\/vc_column_text][\/vc_column][\/vc_row]<\/p>\n<\/div><\/div>\t\t\t\t<\/div>\n\n\t\t\t<\/div>\n\n\t\t\n\t\t\t<div class=\"gs-logos-table-row\">\n\n\t\t\t\t<!-- Logo Image -->\n\t\t\t\t<div class=\"gs-logos-table-cell gsc-image\">\n\t\t\t\t\t<a href=\"http:\/\/www.swisslife-select.de\/kevin-lehr\" target=\"_blank\" rel=\"noopener\"><img loading=\"lazy\" decoding=\"async\" width=\"150\" height=\"150\" src=\"https:\/\/www.veranstalterei.com\/hochzeitsmesse-langenselbold\/wp-content\/uploads\/sites\/4\/2023\/08\/SwissLife-select-150x150.png\" class=\"default  gs-logo--img wp-post-image\" alt=\"\" title=\"SwissLife\" srcset=\"https:\/\/www.veranstalterei.com\/hochzeitsmesse-langenselbold\/wp-content\/uploads\/sites\/4\/2023\/08\/SwissLife-select-150x150.png 150w, https:\/\/www.veranstalterei.com\/hochzeitsmesse-langenselbold\/wp-content\/uploads\/sites\/4\/2023\/08\/SwissLife-select-300x300.png 300w, https:\/\/www.veranstalterei.com\/hochzeitsmesse-langenselbold\/wp-content\/uploads\/sites\/4\/2023\/08\/SwissLife-select.png 480w\" sizes=\"(max-width: 150px) 100vw, 150px\" data-id=\"5732\" \/> <\/a>\t\t\t\t<\/div>\n\n\t\t\t\t<!-- Logo Title -->\n\t\t\t\t<div class=\"gs-logos-table-cell gsc-name\">\n\t\t\t\t\t<h3 class=\"gs_logo_title\">SwissLife<\/h3>\t\t\t\t<\/div>\n\n\t\t\t\t<!-- Logo Details -->\n\t\t\t\t<div class=\"gs-logos-table-cell gsc-desc\">\n\t\t\t\t\t\n<div class=\"gs-logo-details justify\"><div class=\"wpb-content-wrapper\"><p>[vc_row][vc_column][vc_column_text]Das Team von Swisslife hat f\u00fcr die Messebesucher ein besonderes<br \/>\nGewinnspiel am Stand vorbereitet: Schau vorbei, mach mit und<br \/>\ngewinne einen von drei tollen Preisen!<br \/>\nDer 1. Platz ist ein 500 \u20ac Reisegutschein,<br \/>\nder 2. Platz ein 250 \u20ac Spitzenliebe-Gutschein<br \/>\nund der 3. Platz ein 100 \u20ac Weingutschein![\/vc_column_text][\/vc_column][\/vc_row]<\/p>\n<\/div><\/div>\t\t\t\t<\/div>\n\n\t\t\t<\/div>\n\n\t\t\n\t\t\t<div class=\"gs-logos-table-row\">\n\n\t\t\t\t<!-- Logo Image -->\n\t\t\t\t<div class=\"gs-logos-table-cell gsc-image\">\n\t\t\t\t\t<a href=\"http:\/\/www.goldenluxury.de\" target=\"_blank\" rel=\"noopener\"><img loading=\"lazy\" decoding=\"async\" width=\"150\" height=\"150\" src=\"https:\/\/www.veranstalterei.com\/hochzeitsmesse-langenselbold\/wp-content\/uploads\/sites\/4\/2024\/08\/Frumento-Logo-150x150.jpg\" class=\"default  gs-logo--img wp-post-image\" alt=\"\" title=\"Frumento Goldenluxury\" srcset=\"https:\/\/www.veranstalterei.com\/hochzeitsmesse-langenselbold\/wp-content\/uploads\/sites\/4\/2024\/08\/Frumento-Logo-150x150.jpg 150w, https:\/\/www.veranstalterei.com\/hochzeitsmesse-langenselbold\/wp-content\/uploads\/sites\/4\/2024\/08\/Frumento-Logo-720x720.jpg 720w\" sizes=\"(max-width: 150px) 100vw, 150px\" data-id=\"5813\" \/> <\/a>\t\t\t\t<\/div>\n\n\t\t\t\t<!-- Logo Title -->\n\t\t\t\t<div class=\"gs-logos-table-cell gsc-name\">\n\t\t\t\t\t<h3 class=\"gs_logo_title\">Frumento Goldenluxury<\/h3>\t\t\t\t<\/div>\n\n\t\t\t\t<!-- Logo Details -->\n\t\t\t\t<div class=\"gs-logos-table-cell gsc-desc\">\n\t\t\t\t\t\n<div class=\"gs-logo-details justify\"><div class=\"wpb-content-wrapper\"><p>[vc_row][vc_column][vc_column_text]Nur w\u00e4hrend der Messe: Sichert euch 15% Rabatt auf alle Eheringe! Nutzt diese besondere Gelegenheit,<br \/>\num eure Traumringe zu einem verg\u00fcnstigten Preis zu finden und ein Leben lang daran erinnert zu werden.[\/vc_column_text][\/vc_column][\/vc_row]<\/p>\n<\/div><\/div>\t\t\t\t<\/div>\n\n\t\t\t<\/div>\n\n\t\t\n\t\t\t<div class=\"gs-logos-table-row\">\n\n\t\t\t\t<!-- Logo Image -->\n\t\t\t\t<div class=\"gs-logos-table-cell gsc-image\">\n\t\t\t\t\t<a href=\"http:\/\/www.byjulski.com\" target=\"_blank\" rel=\"noopener\"><img loading=\"lazy\" decoding=\"async\" width=\"150\" height=\"150\" src=\"https:\/\/www.veranstalterei.com\/hochzeitsmesse-langenselbold\/wp-content\/uploads\/sites\/4\/2024\/08\/Logo_Fotografie_byjulski-150x150.png\" class=\"default  gs-logo--img wp-post-image\" alt=\"\" title=\"Fotografie byJulski\" srcset=\"https:\/\/www.veranstalterei.com\/hochzeitsmesse-langenselbold\/wp-content\/uploads\/sites\/4\/2024\/08\/Logo_Fotografie_byjulski-150x150.png 150w, https:\/\/www.veranstalterei.com\/hochzeitsmesse-langenselbold\/wp-content\/uploads\/sites\/4\/2024\/08\/Logo_Fotografie_byjulski-300x300.png 300w, https:\/\/www.veranstalterei.com\/hochzeitsmesse-langenselbold\/wp-content\/uploads\/sites\/4\/2024\/08\/Logo_Fotografie_byjulski-768x767.png 768w, https:\/\/www.veranstalterei.com\/hochzeitsmesse-langenselbold\/wp-content\/uploads\/sites\/4\/2024\/08\/Logo_Fotografie_byjulski-720x720.png 720w, https:\/\/www.veranstalterei.com\/hochzeitsmesse-langenselbold\/wp-content\/uploads\/sites\/4\/2024\/08\/Logo_Fotografie_byjulski.png 864w\" sizes=\"(max-width: 150px) 100vw, 150px\" data-id=\"5826\" \/> <\/a>\t\t\t\t<\/div>\n\n\t\t\t\t<!-- Logo Title -->\n\t\t\t\t<div class=\"gs-logos-table-cell gsc-name\">\n\t\t\t\t\t<h3 class=\"gs_logo_title\">Fotografie byJulski<\/h3>\t\t\t\t<\/div>\n\n\t\t\t\t<!-- Logo Details -->\n\t\t\t\t<div class=\"gs-logos-table-cell gsc-desc\">\n\t\t\t\t\t\n<div class=\"gs-logo-details justify\"><div class=\"wpb-content-wrapper\"><p>[vc_row][vc_column][vc_column_text]Sichert euch auf der Messe 15% Rabatt bei eurer Buchung![\/vc_column_text][\/vc_column][\/vc_row]<\/p>\n<\/div><\/div>\t\t\t\t<\/div>\n\n\t\t\t<\/div>\n\n\t\t\n\t\t\t<div class=\"gs-logos-table-row\">\n\n\t\t\t\t<!-- Logo Image -->\n\t\t\t\t<div class=\"gs-logos-table-cell gsc-image\">\n\t\t\t\t\t<img loading=\"lazy\" decoding=\"async\" width=\"150\" height=\"150\" src=\"https:\/\/www.veranstalterei.com\/hochzeitsmesse-langenselbold\/wp-content\/uploads\/sites\/4\/2024\/08\/Logo_Eiscafe-Monti-150x150.png\" class=\"default  gs-logo--img wp-post-image\" alt=\"\" title=\"Eiscafe Monti\" srcset=\"https:\/\/www.veranstalterei.com\/hochzeitsmesse-langenselbold\/wp-content\/uploads\/sites\/4\/2024\/08\/Logo_Eiscafe-Monti-150x150.png 150w, https:\/\/www.veranstalterei.com\/hochzeitsmesse-langenselbold\/wp-content\/uploads\/sites\/4\/2024\/08\/Logo_Eiscafe-Monti-300x300.png 300w, https:\/\/www.veranstalterei.com\/hochzeitsmesse-langenselbold\/wp-content\/uploads\/sites\/4\/2024\/08\/Logo_Eiscafe-Monti-1024x1024.png 1024w, https:\/\/www.veranstalterei.com\/hochzeitsmesse-langenselbold\/wp-content\/uploads\/sites\/4\/2024\/08\/Logo_Eiscafe-Monti-768x768.png 768w, https:\/\/www.veranstalterei.com\/hochzeitsmesse-langenselbold\/wp-content\/uploads\/sites\/4\/2024\/08\/Logo_Eiscafe-Monti-720x720.png 720w, https:\/\/www.veranstalterei.com\/hochzeitsmesse-langenselbold\/wp-content\/uploads\/sites\/4\/2024\/08\/Logo_Eiscafe-Monti.png 1528w\" sizes=\"(max-width: 150px) 100vw, 150px\" data-id=\"5877\" \/>\t\t\t\t<\/div>\n\n\t\t\t\t<!-- Logo Title -->\n\t\t\t\t<div class=\"gs-logos-table-cell gsc-name\">\n\t\t\t\t\t<h3 class=\"gs_logo_title\">Eiscafe Monti<\/h3>\t\t\t\t<\/div>\n\n\t\t\t\t<!-- Logo Details -->\n\t\t\t\t<div class=\"gs-logos-table-cell gsc-desc\">\n\t\t\t\t\t\n<div class=\"gs-logo-details justify\"><div class=\"wpb-content-wrapper\"><p>[vc_row][vc_column][vc_column_text]Bei jeder Buchung direkt auf der Messe erhaltet ihr 10% Rabatt auf den gesamten Betrag.[\/vc_column_text][\/vc_column][\/vc_row]<\/p>\n<\/div><\/div>\t\t\t\t<\/div>\n\n\t\t\t<\/div>\n\n\t\t\t\t\n\t\n<\/div>\t\t\t<\/div>\n\t\t<\/div>\n\t\n\t\t<style>#gs_logo_area_3:not(.verticaltickerdown):not(.verticalticker) .gs_logo_container{margin-left:-5px}#gs_logo_area_3:not(.verticaltickerdown):not(.verticalticker) .gs_logo_container{margin-right:-5px}#gs_logo_area_3:not(.verticaltickerdown):not(.verticalticker) .gs_logo_single--wrapper{padding:5px}#gs_logo_area_3 ul.gs-logo-filter-cats{text-align:center!important}<\/style>[\/vc_column][\/vc_row][vc_row tm_bgimagefixed=&#8221;&#8221; tm_zindex=&#8221;1&#8243; full_width=&#8221;stretch_row&#8221; css=&#8221;.vc_custom_1726225817337{padding-right: 200px !important;padding-left: 200px !important;}&#8221;][vc_column][\/vc_column][\/vc_row]<\/p>\n<\/div>","protected":false},"excerpt":{"rendered":"<p>[vc_row][vc_column][vc_column_text][\/vc_column_text][vc_single_image image=&#8221;6049&#8243; img_size=&#8221;full&#8221; alignment=&#8221;center&#8221; style=&#8221;vc_box_shadow_border&#8221; onclick=&#8221;zoom&#8221; css=&#8221;.vc_custom_1727469509572{padding-bottom: 40px !important;}&#8221;][\/vc_column][\/vc_row][vc_row tm_bgimagefixed=&#8221;&#8221; disable_element=&#8221;yes&#8221;][vc_column][\/vc_column][\/vc_row][vc_row tm_bgimagefixed=&#8221;&#8221; tm_zindex=&#8221;1&#8243; full_width=&#8221;stretch_row&#8221; css=&#8221;.vc_custom_1726225817337{padding-right: 200px !important;padding-left: 200px !important;}&#8221;][vc_column][\/vc_column][\/vc_row]<\/p>\n","protected":false},"author":1,"featured_media":0,"parent":0,"menu_order":9,"comment_status":"closed","ping_status":"closed","template":"","meta":{"content-type":"","footnotes":""},"class_list":["post-1006","page","type-page","status-publish","hentry"],"_links":{"self":[{"href":"https:\/\/www.veranstalterei.com\/hochzeitsmesse-langenselbold\/wp-json\/wp\/v2\/pages\/1006","targetHints":{"allow":["GET"]}}],"collection":[{"href":"https:\/\/www.veranstalterei.com\/hochzeitsmesse-langenselbold\/wp-json\/wp\/v2\/pages"}],"about":[{"href":"https:\/\/www.veranstalterei.com\/hochzeitsmesse-langenselbold\/wp-json\/wp\/v2\/types\/page"}],"author":[{"embeddable":true,"href":"https:\/\/www.veranstalterei.com\/hochzeitsmesse-langenselbold\/wp-json\/wp\/v2\/users\/1"}],"replies":[{"embeddable":true,"href":"https:\/\/www.veranstalterei.com\/hochzeitsmesse-langenselbold\/wp-json\/wp\/v2\/comments?post=1006"}],"version-history":[{"count":34,"href":"https:\/\/www.veranstalterei.com\/hochzeitsmesse-langenselbold\/wp-json\/wp\/v2\/pages\/1006\/revisions"}],"predecessor-version":[{"id":6083,"href":"https:\/\/www.veranstalterei.com\/hochzeitsmesse-langenselbold\/wp-json\/wp\/v2\/pages\/1006\/revisions\/6083"}],"wp:attachment":[{"href":"https:\/\/www.veranstalterei.com\/hochzeitsmesse-langenselbold\/wp-json\/wp\/v2\/media?parent=1006"}],"curies":[{"name":"wp","href":"https:\/\/api.w.org\/{rel}","templated":true}]}}